{"id":931,"date":"2023-09-21T07:32:39","date_gmt":"2023-09-21T05:32:39","guid":{"rendered":"https:\/\/www.neuebauhaeusler.com\/?page_id=931"},"modified":"2026-04-23T11:32:45","modified_gmt":"2026-04-23T09:32:45","slug":"neb_press","status":"publish","type":"page","link":"https:\/\/www.neuebauhaeusler.com\/en\/neb_press\/","title":{"rendered":"NEB_PRESS."},"content":{"rendered":"<div data-elementor-type=\"wp-page\" data-elementor-id=\"931\" class=\"elementor elementor-931\" data-elementor-post-type=\"page\">\n\t\t\t\t\t\t<section class=\"elementor-section elementor-top-section elementor-element elementor-element-c2dce72 elementor-section-boxed elementor-section-height-default elementor-section-height-default\" data-id=\"c2dce72\" data-element_type=\"section\" data-e-type=\"section\" data-settings=\"{&quot;background_background&quot;:&quot;classic&quot;}\">\n\t\t\t\t\t\t<div class=\"elementor-container elementor-column-gap-default\">\n\t\t\t\t\t<div class=\"elementor-column elementor-col-100 elementor-top-column elementor-element elementor-element-c6837b5\" data-id=\"c6837b5\" data-element_type=\"column\" data-e-type=\"column\">\n\t\t\t<div class=\"elementor-widget-wrap elementor-element-populated\">\n\t\t\t\t\t\t\t<\/div>\n\t\t<\/div>\n\t\t\t\t\t<\/div>\n\t\t<\/section>\n\t\t\t\t<section class=\"elementor-section elementor-top-section elementor-element elementor-element-4daf60a elementor-section-boxed elementor-section-height-default elementor-section-height-default\" data-id=\"4daf60a\" data-element_type=\"section\" data-e-type=\"section\" data-settings=\"{&quot;background_background&quot;:&quot;classic&quot;}\">\n\t\t\t\t\t\t<div class=\"elementor-container elementor-column-gap-default\">\n\t\t\t\t\t<div class=\"elementor-column elementor-col-100 elementor-top-column elementor-element elementor-element-f1d9055\" data-id=\"f1d9055\" data-element_type=\"column\" data-e-type=\"column\">\n\t\t\t<div class=\"elementor-widget-wrap elementor-element-populated\">\n\t\t\t\t\t\t<div class=\"elementor-element elementor-element-481257e elementor-widget elementor-widget-heading\" data-id=\"481257e\" data-element_type=\"widget\" data-e-type=\"widget\" data-widget_type=\"heading.default\">\n\t\t\t\t<div class=\"elementor-widget-container\">\n\t\t\t\t\t<h2 class=\"elementor-heading-title elementor-size-default\">Press releases<\/h2>\t\t\t\t<\/div>\n\t\t\t\t<\/div>\n\t\t\t\t<div class=\"elementor-element elementor-element-9be6df9 elementor-widget elementor-widget-spacer\" data-id=\"9be6df9\" data-element_type=\"widget\" data-e-type=\"widget\" data-widget_type=\"spacer.default\">\n\t\t\t\t<div class=\"elementor-widget-container\">\n\t\t\t\t\t\t\t<div class=\"elementor-spacer\">\n\t\t\t<div class=\"elementor-spacer-inner\"><\/div>\n\t\t<\/div>\n\t\t\t\t\t\t<\/div>\n\t\t\t\t<\/div>\n\t\t\t\t<div class=\"elementor-element elementor-element-5b534fc elementor-hidden-desktop elementor-hidden-laptop elementor-hidden-tablet_extra elementor-hidden-tablet elementor-hidden-mobile elementor-widget elementor-widget-n-accordion\" data-id=\"5b534fc\" data-element_type=\"widget\" data-e-type=\"widget\" data-settings=\"{&quot;default_state&quot;:&quot;all_collapsed&quot;,&quot;max_items_expended&quot;:&quot;one&quot;,&quot;n_accordion_animation_duration&quot;:{&quot;unit&quot;:&quot;ms&quot;,&quot;size&quot;:400,&quot;sizes&quot;:[]}}\" data-widget_type=\"nested-accordion.default\">\n\t\t\t\t<div class=\"elementor-widget-container\">\n\t\t\t\t\t\t\t<div class=\"e-n-accordion\" aria-label=\"Accordion. Open links with Enter or Space, close with Escape, and navigate with Arrow Keys\">\n\t\t\t\t\t\t<details id=\"e-n-accordion-item-9570\" class=\"e-n-accordion-item\" >\n\t\t\t\t<summary class=\"e-n-accordion-item-title\" data-accordion-index=\"1\" tabindex=\"0\" aria-expanded=\"false\" aria-controls=\"e-n-accordion-item-9570\" >\n\t\t\t\t\t<span class='e-n-accordion-item-title-header'><div class=\"e-n-accordion-item-title-text\"> Presseeinladung: NEB_ONTOUR: Europ\u00e4ische NEB-Community beim Schwemme e. V. am 18. Juni 2025 <\/div><\/span>\n\t\t\t\t\t\t\t<span class='e-n-accordion-item-title-icon'>\n\t\t\t<span class='e-opened' ><i aria-hidden=\"true\" class=\"fas fa-minus\"><\/i><\/span>\n\t\t\t<span class='e-closed'><i aria-hidden=\"true\" class=\"fas fa-plus\"><\/i><\/span>\n\t\t<\/span>\n\n\t\t\t\t\t\t<\/summary>\n\t\t\t\t<div role=\"region\" aria-labelledby=\"e-n-accordion-item-9570\" class=\"elementor-element elementor-element-99f3331 e-con-full e-flex e-con e-child\" data-id=\"99f3331\" data-element_type=\"container\" data-e-type=\"container\">\n\t\t\t\t<div class=\"elementor-element elementor-element-088f7fb elementor-widget elementor-widget-text-editor\" data-id=\"088f7fb\" data-element_type=\"widget\" data-e-type=\"widget\" data-widget_type=\"text-editor.default\">\n\t\t\t\t<div class=\"elementor-widget-container\">\n\t\t\t\t\t\t\t\t\t<p><strong>Die europ\u00e4ische NEB Peer2Peer Community der DG Regio (P2P) besucht am 18. Juni 2025 #NeueBauh\u00e4usler in Halle (Saale)<\/strong><\/p>\t\t\t\t\t\t\t\t<\/div>\n\t\t\t\t<\/div>\n\t\t\t\t<div class=\"elementor-element elementor-element-ded49ee elementor-widget elementor-widget-text-editor\" data-id=\"ded49ee\" data-element_type=\"widget\" data-e-type=\"widget\" data-widget_type=\"text-editor.default\">\n\t\t\t\t<div class=\"elementor-widget-container\">\n\t\t\t\t\t\t\t\t\t<p><strong>Gerade erst Anfang Mai 2025 hat der Schwemme e. V. in Halle (Saale) seinen F\u00f6rderbescheid\u00a0<\/strong><strong>aus dem Just Transition Fund der EU fu\u0308r das NEB_PROJEKT \u201eLEHM \u2013 BAU \u2013 KULTUR\u201c\u00a0<\/strong><strong>erhalten, schon steht europ\u00e4ischer Besuch vor der Tu\u0308r! Am 18. Juni 2025 werden im Rahmen\u00a0<\/strong><strong>einer NEB_ONTOUR G\u00e4ste der DG REGIO NEB Peer2Peer Community (P2P) erwartet.<\/strong><\/p>\t\t\t\t\t\t\t\t<\/div>\n\t\t\t\t<\/div>\n\t\t\t\t<div class=\"elementor-element elementor-element-97a7bf0 elementor-widget elementor-widget-text-editor\" data-id=\"97a7bf0\" data-element_type=\"widget\" data-e-type=\"widget\" data-widget_type=\"text-editor.default\">\n\t\t\t\t<div class=\"elementor-widget-container\">\n\t\t\t\t\t\t\t\t\t<p>Die NEB P2P Community ist eine Initiative der Europ\u00e4ischen Kommission und erm\u00f6glicht im\u00a0Rahmen des Neuen Europ\u00e4ischen Bauhauses den Austausch und die Zusammenarbeit\u00a0zwischen Akteuren im NEB_PROZESS in Europa. Das Ziel: kreative und nachhaltige L\u00f6sungen\u00a0fu\u0308r den \u00f6kologischen Wandel \u2013 wie in Halle an der Saale.<\/p><p>Die <b>NEB_ONTOUR<\/b> fu\u0308hrt zum rund 300 Jahre alten Brauhausgeb\u00e4ude des Schwemme e. V., im\u00a0Mittelpunkt: Hallesche #NeueBauh\u00e4usler tauschen sich zu ihrem Projekt, dem Prozess und\u00a0Potenzial mit Vertretern der EU und Projekttr\u00e4gern anderer EU-Staaten aus. Denn: Unter den\u00a0NEB_KRITERIEN SCH\u00d6N. NACHHALTIG. GEMEINSAM. soll sich das Haus im Zuge seiner\u00a0Sanierung mit traditionellen Lehmbautechniken zu einer regionalen Lehmbau Fach- und\u00a0Laienbildungsst\u00e4tte als \u201eDritter Ort\u201c in der Saalestadt entwickeln.<\/p><p>Genau daran sind die P2P &#8211; G\u00e4ste interessiert, die lokal und auf EU-Ebene an der Umsetzung\u00a0der NEB_ZIELE arbeiten und unterwegs sind, um Verbesserungspotenzial von EU-F\u00f6rderkulissen\u00a0auszuloten. Vor Ort wird u\u0308ber Herausforderungen und Erfahrungen bei der\u00a0Verankerung der NEB in der EU-Koh\u00e4sionspolitik diskutiert und dabei werden sowohl\u00a0regionale als auch lokale Perspektiven beru\u0308cksichtigt. Das NEB_NETZWERKB\u00dcRO organisiert\u00a0und begleitet das Treffen.<\/p>\t\t\t\t\t\t\t\t<\/div>\n\t\t\t\t<\/div>\n\t\t\t\t<div class=\"elementor-element elementor-element-ccd6ab2 elementor-widget elementor-widget-text-editor\" data-id=\"ccd6ab2\" data-element_type=\"widget\" data-e-type=\"widget\" data-widget_type=\"text-editor.default\">\n\t\t\t\t<div class=\"elementor-widget-container\">\n\t\t\t\t\t\t\t\t\t<p><strong>Pressevertreter sind zur NEB_ONTOUR herzlich eingeladen!<\/strong><\/p><p><strong>Wann? <br \/>Mittwoch, den 18. Juni 2025, <\/strong><strong>13 bis 17 Uhr<\/strong><\/p><p><strong>Wo? <br \/>Schwemme-Brauerei, Halle (Saale)<\/strong><br \/><strong>An der Schwemme 1, 06108 Halle (Saale)<\/strong><\/p>\t\t\t\t\t\t\t\t<\/div>\n\t\t\t\t<\/div>\n\t\t\t\t<div class=\"elementor-element elementor-element-23a2856 elementor-widget-divider--view-line elementor-widget elementor-widget-divider\" data-id=\"23a2856\" data-element_type=\"widget\" data-e-type=\"widget\" data-widget_type=\"divider.default\">\n\t\t\t\t<div class=\"elementor-widget-container\">\n\t\t\t\t\t\t\t<div class=\"elementor-divider\">\n\t\t\t<span class=\"elementor-divider-separator\">\n\t\t\t\t\t\t<\/span>\n\t\t<\/div>\n\t\t\t\t\t\t<\/div>\n\t\t\t\t<\/div>\n\t\t\t\t<div class=\"elementor-element elementor-element-18df5a3 elementor-widget elementor-widget-text-editor\" data-id=\"18df5a3\" data-element_type=\"widget\" data-e-type=\"widget\" data-widget_type=\"text-editor.default\">\n\t\t\t\t<div class=\"elementor-widget-container\">\n\t\t\t\t\t\t\t\t\t<p><strong>Das NEB_NETZWERKB\u00dcRO<\/strong><\/p><p class=\"p1\">NEB \u2013 die drei Buchstaben stehen fu\u0308r das \u201eNeue Europ\u00e4ische Bauhaus\u201c. Die EU-Initiative\u00a0<span style=\"font-size: 1rem;\">flankiert Europas Weg \u2013 den GREEN DEAL \u2013 in die Klimaneutralit\u00e4t und ruft zum gemeinsamen\u00a0<\/span><span style=\"font-size: 1rem;\">Handeln auf. Sachsen-Anhalt ist dabei und unterstu\u0308tzt konkrete Ideen und Vorhaben.\u00a0<\/span><span style=\"font-size: 1rem;\">Das NEB_NETZWERKB\u00dcRO arbeitet im Auftrag der Staatskanzlei des Landes Sachsen-Anhalt,\u00a0<\/span><span style=\"font-size: 1rem;\">Stabsstelle Strukturwandel im Mitteldeutschen Revier und ber\u00e4t und begleitet die\u00a0<\/span><span style=\"font-size: 1rem;\">Akteurinnen und Akteure mit ihren Projekten. Sie sind <strong>#NeueBauh\u00e4usler<\/strong>.<\/span><\/p><p class=\"p1\"><span style=\"font-size: 1rem;\"><strong>NEB_ONTOUR hei\u00dft:<\/strong> NEB_PROJEKTE vor Ort besuchen! Es ist ein <\/span><span class=\"s1\" style=\"font-size: 1rem;\">Stakeholderformat, das Idee,\u00a0<\/span><span style=\"font-size: 1rem;\">Experdse und Unterstu\u0308tzung zusammenbringen will. <strong>Das Ziel:<\/strong> #NeueBauh\u00e4usler unterstu\u0308tzen,\u00a0<\/span><span style=\"font-size: 1rem;\">ihre Projekddeen zu qualifizieren, Partner und Interessierte zusammenbringen \/ vom\u00a0<\/span><span style=\"font-size: 1rem;\">Projektstart bis zur Umsetzung die NEB_KRITERIEN in den Fokus stellen \/ Aktiv. Konstruktiv.\u00a0<\/span><span style=\"font-size: 1rem;\">Voranbringend. Gemeinsam gelingt das Zukunhsprojekt NEB in Sachsen-Anhalt.<\/span><\/p><p><a href=\"https:\/\/www.neuebauhaeusler.com\/en\/\">www.neuebauhaeusler.com<\/a><\/p>\t\t\t\t\t\t\t\t<\/div>\n\t\t\t\t<\/div>\n\t\t\t\t<div class=\"elementor-element elementor-element-dd8e7dc elementor-icon-list--layout-traditional elementor-list-item-link-full_width elementor-widget elementor-widget-icon-list\" data-id=\"dd8e7dc\" data-element_type=\"widget\" data-e-type=\"widget\" data-widget_type=\"icon-list.default\">\n\t\t\t\t<div class=\"elementor-widget-container\">\n\t\t\t\t\t\t\t<ul class=\"elementor-icon-list-items\">\n\t\t\t\t\t\t\t<li class=\"elementor-icon-list-item\">\n\t\t\t\t\t\t\t\t\t\t\t<a href=\"https:\/\/www.neuebauhaeusler.com\/wp-content\/uploads\/2025\/06\/PE-NEB_P2P_final_10.6.2025.pdf\" target=\"_blank\">\n\n\t\t\t\t\t\t\t\t\t\t\t\t<span class=\"elementor-icon-list-icon\">\n\t\t\t\t\t\t\t<i aria-hidden=\"true\" class=\"fas fa-file-pdf\"><\/i>\t\t\t\t\t\t<\/span>\n\t\t\t\t\t\t\t\t\t\t<span class=\"elementor-icon-list-text\">Presseeinladung (PDF)<\/span>\n\t\t\t\t\t\t\t\t\t\t\t<\/a>\n\t\t\t\t\t\t\t\t\t<\/li>\n\t\t\t\t\t\t<\/ul>\n\t\t\t\t\t\t<\/div>\n\t\t\t\t<\/div>\n\t\t\t\t<\/div>\n\t\t\t\t\t<\/details>\n\t\t\t\t\t\t<details id=\"e-n-accordion-item-9571\" class=\"e-n-accordion-item\" >\n\t\t\t\t<summary class=\"e-n-accordion-item-title\" data-accordion-index=\"2\" tabindex=\"-1\" aria-expanded=\"false\" aria-controls=\"e-n-accordion-item-9571\" >\n\t\t\t\t\t<span class='e-n-accordion-item-title-header'><div class=\"e-n-accordion-item-title-text\"> Presseeinladung: Neues Europ\u00e4isches Bauhaus (NEB) in Zeitz am 19. Juni 2025 <\/div><\/span>\n\t\t\t\t\t\t\t<span class='e-n-accordion-item-title-icon'>\n\t\t\t<span class='e-opened' ><i aria-hidden=\"true\" class=\"fas fa-minus\"><\/i><\/span>\n\t\t\t<span class='e-closed'><i aria-hidden=\"true\" class=\"fas fa-plus\"><\/i><\/span>\n\t\t<\/span>\n\n\t\t\t\t\t\t<\/summary>\n\t\t\t\t<div role=\"region\" aria-labelledby=\"e-n-accordion-item-9571\" class=\"elementor-element elementor-element-0c1f31a e-con-full e-flex e-con e-child\" data-id=\"0c1f31a\" data-element_type=\"container\" data-e-type=\"container\">\n\t\t\t\t<div class=\"elementor-element elementor-element-189c9e9 elementor-widget elementor-widget-menu-anchor\" data-id=\"189c9e9\" data-element_type=\"widget\" data-e-type=\"widget\" data-widget_type=\"menu-anchor.default\">\n\t\t\t\t<div class=\"elementor-widget-container\">\n\t\t\t\t\t\t\t<div class=\"elementor-menu-anchor\" id=\"zekiwa\"><\/div>\n\t\t\t\t\t\t<\/div>\n\t\t\t\t<\/div>\n\t\t\t\t<div class=\"elementor-element elementor-element-7cc4daa elementor-widget elementor-widget-text-editor\" data-id=\"7cc4daa\" data-element_type=\"widget\" data-e-type=\"widget\" data-widget_type=\"text-editor.default\">\n\t\t\t\t<div class=\"elementor-widget-container\">\n\t\t\t\t\t\t\t\t\t<p><strong>Sachsen-Anhalts NEB-Leuchtturmprojekt geht an den Start!<\/strong><br \/><strong>Das NEB_PROJEKT \u201eReallabor ZEKIWA Zeitz\u201c erh\u00e4lt europ\u00e4ische F\u00f6rderung<\/strong><\/p>\t\t\t\t\t\t\t\t<\/div>\n\t\t\t\t<\/div>\n\t\t\t\t<div class=\"elementor-element elementor-element-3afb049 elementor-widget elementor-widget-text-editor\" data-id=\"3afb049\" data-element_type=\"widget\" data-e-type=\"widget\" data-widget_type=\"text-editor.default\">\n\t\t\t\t<div class=\"elementor-widget-container\">\n\t\t\t\t\t\t\t\t\t<p><strong>Strukturwandel f\u00f6rdert die Revitalisierung des ehemaligen ZEKIWA-Werkstandortes in Zeitz!&nbsp;<\/strong><strong>Im Rahmen der Landesinitiative \u201e#NeueBauh\u00e4usler: Sachsen-Anhalt \u2013 Gemeinsam fu\u0308r ein Neues&nbsp;<\/strong><strong>Europ\u00e4isches Bauhaus (NEB)\u201c sind F\u00f6rdermittel in H\u00f6he von rund 15,5 Mio. \u20ac aus dem Europ\u00e4ischen JTF&nbsp;<\/strong><strong>(\u201eJust Transition Fund\u201c = fu\u0308r den gerechten \u00dcbergang) bewilligt worden, weitere 8,8 Mio. \u20ac wurden in&nbsp;<\/strong><strong>Aussicht gestellt. Die F\u00f6rderbescheide fu\u0308r das NEB_Projekt \u201eReallabor ZEKIWA Zeitz\u201c u\u0308bergibt am 19. Juni&nbsp;<\/strong><strong>2025 vor Ort Ministerpr\u00e4sident Dr. Reiner Haseloff an die Verbundpartner des NEB_PROJEKTs: das&nbsp;<\/strong><strong>multidisziplin\u00e4r aufgestellte \u201eZEKIWA-Konsortium fu\u0308r ein Neues Europ\u00e4isches Bauhaus\u201c. In diesem&nbsp;<\/strong><strong>Projekt arbeiten zusammen: Stadt Zeitz, Hochschule Anhalt, Stiftung Bauhaus Dessau, Burg&nbsp;<\/strong><strong>Giebichenstein Kunsthochschule Halle, Martin-Luther-Universit\u00e4t und Forum Rathenau.&nbsp;<\/strong><strong>Das \u201eReallabor ZEKIWA Zeitz\u201c ist das gr\u00f6\u00dfte NEB-Projekt Sachsen-Anhalts, Zieleinlauf: Ende 2027.<\/strong><strong><br><\/strong><\/p>\n<p><strong>AUFMACHEN! Stadt und multidisziplin\u00e4re Verbundpartner machen sich auf, ZEKIWA neu aufzumachen,&nbsp;<\/strong><strong>als Ort fu\u0308r alle, als Ort fu\u0308r neues, als Ort fu\u0308r ZUKUNFT.<\/strong><\/p>\t\t\t\t\t\t\t\t<\/div>\n\t\t\t\t<\/div>\n\t\t\t\t<div class=\"elementor-element elementor-element-8627438 elementor-widget elementor-widget-text-editor\" data-id=\"8627438\" data-element_type=\"widget\" data-e-type=\"widget\" data-widget_type=\"text-editor.default\">\n\t\t\t\t<div class=\"elementor-widget-container\">\n\t\t\t\t\t\t\t\t\t<p>Das Areal der Zeitzer Industrieikone ZEKIWA macht sich auf den Weg in eine neue Zeit. Die legend\u00e4re und\u00a0einst europaweit agierende Zeitzer Kinderwagenfabrik ZEKIWA hat lange im Dornr\u00f6schenschlaf in der\u00a0Zeitzer Unterstadt geschlummert. 2024 wurde das Hauptgeb\u00e4ude saniert an das Stadtarchiv zur Nutzung\u00a0u\u0308bergeben. Drei Hektar des Werksgel\u00e4ndes des ehemaligen VEB zwischen Badstubenvorstadt und\u00a0Bru\u0308ckenweg stehen jetzt fu\u0308r #NeueBauh\u00e4usler im Fokus einer Forschungswerkstatt: das \u201eReallabor ZEKIWA\u00a0Zeitz\u201c. Es ist neben den \u201eangewandten Projekten\u201c das einzige \u201eReallabor\u201c der sachsen-anhaltischen\u00a0NEB_INITIATIVE \u2013 ein Modellvorhaben fu\u0308r lebendige, inklusive und klimagerechte Stadterneuerung. Das fu\u0308r\u00a0die Zeitzer so wichtige Industriedenkmal wird gemeinschaftsorientiert revitalisiert. \u00c4sthetisch vorbildliches,\u00a0nachhaltiges und zirkul\u00e4res Bauen steht im Mittelpunkt. Lokale Akteure werden eingebunden und ein\u00a0ganzheitlicher Ansatz verfolgt, der ku\u0308nstlerische Gestaltung, innovatives Design und nachhaltige Bauweisen\u00a0verbindet. Das Vorhaben konzentriert sich auf das ehemalige Verwaltungsgeb\u00e4ude, die vorhandenen\u00a0Brachfl\u00e4chen sowie die Nutzung des Erdgeschosses im ehemaligen Hauptgeb\u00e4ude. Ziel des NEB_PROJEKTes\u00a0ist es, ZEKIWA fu\u0308r die Stadtgesellschaft neu zu \u00f6ffnen.<\/p><p>Ministerpr\u00e4sident Dr. Reiner Haseloff u\u0308bergibt vor Ort den F\u00f6rderbescheid an das NEB-Konsortium der\u00a0multidisziplin\u00e4r an dem Projekt arbeitenden Partner: #NeueBauh\u00e4usler. Eine Vorhaben-Pr\u00e4sentation und\u00a0ein Austausch schlie\u00dfen sich an.<\/p>\t\t\t\t\t\t\t\t<\/div>\n\t\t\t\t<\/div>\n\t\t\t\t<div class=\"elementor-element elementor-element-f5f1ce9 elementor-widget elementor-widget-text-editor\" data-id=\"f5f1ce9\" data-element_type=\"widget\" data-e-type=\"widget\" data-widget_type=\"text-editor.default\">\n\t\t\t\t<div class=\"elementor-widget-container\">\n\t\t\t\t\t\t\t\t\t<p><strong>F\u00f6rderbescheidu\u0308bergabe an das NEB_PROJEKT \u201eReallabor ZEKIWA Zeitz\u201c<\/strong><\/p><p><strong>Wann? <br \/>Donnerstag, 19. Juni 2025, 14.45 Uhr<\/strong><\/p><p><strong>Wo? <br \/>Zeitz, ZEKIWA-Areal<\/strong><br \/><strong>Ecke Badstubenvorstadt\/Geschwister-Scholl-Stra\u00dfe 16, 06712 Zeitz<\/strong><\/p>\t\t\t\t\t\t\t\t<\/div>\n\t\t\t\t<\/div>\n\t\t\t\t<div class=\"elementor-element elementor-element-c58f956 elementor-widget-divider--view-line elementor-widget elementor-widget-divider\" data-id=\"c58f956\" data-element_type=\"widget\" data-e-type=\"widget\" data-widget_type=\"divider.default\">\n\t\t\t\t<div class=\"elementor-widget-container\">\n\t\t\t\t\t\t\t<div class=\"elementor-divider\">\n\t\t\t<span class=\"elementor-divider-separator\">\n\t\t\t\t\t\t<\/span>\n\t\t<\/div>\n\t\t\t\t\t\t<\/div>\n\t\t\t\t<\/div>\n\t\t\t\t<div class=\"elementor-element elementor-element-bb36fb1 elementor-widget elementor-widget-text-editor\" data-id=\"bb36fb1\" data-element_type=\"widget\" data-e-type=\"widget\" data-widget_type=\"text-editor.default\">\n\t\t\t\t<div class=\"elementor-widget-container\">\n\t\t\t\t\t\t\t\t\t<p><strong>Background<\/strong><\/p><p><strong>Das NEB_PROJEKT:\u201eReallabor ZEKIWA Zeitz\u201c<\/strong><\/p><p>Wie in der historischen Bauhausbewegung werden im Neuen Europ\u00e4ischen Bauhaus Wege gesucht und\u00a0erprobt, den Herausforderungen eines neuen Zeitalters zu begegnen. Standen vor gut 100 Jahren die Folgen\u00a0der Industrialisierung im Fokus, so sind es heute die Innovationen der postfossilen Industrie und\u00a0Energieerzeugung, die nach Integration verlangen. Methodisch und ideell schlie\u00dft sich im Reallabor ZEKIWA\u00a0Zeitz der Kreis zwischen den Werten des Neuen Europ\u00e4ischen Bauhauses und dem historischen Bauhaus\u00a0und seinen Werkst\u00e4tten.<\/p><p>Das Bauhaus generierte Zukunft in interdisziplin\u00e4ren Werkst\u00e4tten und mit Hilfe internationaler Netzwerke.\u00a0Das \u201eReallabor ZEKIWA Zeitz\u201c steht als Modellvorhaben im Kontext des tiefgreifenden Strukturwandels der\u00a0Region und befindet sich fortlaufend im Austausch mit weiteren Kohlerevieren und Regionen des\u00a0Strukturwandels in Europa. Fu\u0308r das \u201eReallabor ZEKIWA Zeitz\u201c arbeitet die Stadt Zeitz und ihre Bu\u0308rgerschaft\u00a0mit der Hochschule Anhalt, der Stiftung Bauhaus Dessau, der Burg Giebichenstein Kunsthochschule Halle,\u00a0der Martin-Luther-Universit\u00e4t und dem Forum Rathenau zusammen. Gestaltungs- und\u00a0Ingenieurwissenschaften, Geistes-, Sozial- und Kulturwissenschaften und die Verwaltungen adressieren in\u00a0Kooperation die Potenziale fu\u0308r das ZEKIWA-Areal als Anwendungsbeispiel fu\u0308r einen Gemeinschaftsort von\u00a0Stadtkultur, fu\u0308r innovative Bautechnologien, fu\u0308r die Integrierbarkeit der Erzeugung von erneuerbarer\u00a0Energie und fu\u0308r die Bereicherung des natu\u0308rlichen Umfelds. Hierfu\u0308r werden, integriert in die digitale Welt,\u00a0kulturelle Gemeinschaftsprojekte zwischen Bu\u0308rgerschaft und Wissenschaft initiiert, Gestaltungsfragen kokreativ\u00a0gestellt und neue Verfahren, Baustoffe und Konstruktionsweisen entwickelt, kurz: Der Erfindergeist\u00a0der Zeitzer Industrieikone ZEKIWA wird neu geweckt und verknu\u0308pft zeitgem\u00e4\u00dfes Bauen und Gestalten in\u00a0einem gesamtgesellschaftlichen Prozess im Einklang mit unserer Umwelt.<\/p>\t\t\t\t\t\t\t\t<\/div>\n\t\t\t\t<\/div>\n\t\t\t\t<div class=\"elementor-element elementor-element-5580539 elementor-widget-divider--view-line elementor-widget elementor-widget-divider\" data-id=\"5580539\" data-element_type=\"widget\" data-e-type=\"widget\" data-widget_type=\"divider.default\">\n\t\t\t\t<div class=\"elementor-widget-container\">\n\t\t\t\t\t\t\t<div class=\"elementor-divider\">\n\t\t\t<span class=\"elementor-divider-separator\">\n\t\t\t\t\t\t<\/span>\n\t\t<\/div>\n\t\t\t\t\t\t<\/div>\n\t\t\t\t<\/div>\n\t\t\t\t<div class=\"elementor-element elementor-element-2d39d44 elementor-widget elementor-widget-text-editor\" data-id=\"2d39d44\" data-element_type=\"widget\" data-e-type=\"widget\" data-widget_type=\"text-editor.default\">\n\t\t\t\t<div class=\"elementor-widget-container\">\n\t\t\t\t\t\t\t\t\t<p><strong>Das NEB_NETZWERKB\u00dcRO<\/strong><\/p><p class=\"p1\">NEB \u2013 die drei Buchstaben stehen fu\u0308r das \u201eNeue Europ\u00e4ische Bauhaus\u201c. Die EU-Initiative flankiert Europas\u00a0<span style=\"font-size: 1rem;\">Weg \u2013 den GREEN DEAL \u2013 in die Klimaneutralit\u00e4t und ruft zum gemeinsamen Handeln auf. Sachsen-Anhalt\u00a0<\/span><span style=\"font-size: 1rem;\">ist dabei und unterstu\u0308tzt konkrete Ideen und Vorhaben.\u00a0<\/span><span style=\"font-size: 1rem;\">Das NEB_NETZWERKB\u00dcRO arbeitet im Auftrag der Staatskanzlei des Landes Sachsen-Anhalt, Stabsstelle\u00a0<\/span><span style=\"font-size: 1rem;\">Strukturwandel im Mitteldeutschen Revier und ber\u00e4t und begleitet die Akteurinnen und Akteure mit ihren\u00a0<\/span><span style=\"font-size: 1rem;\">Projekten. Sie sind #NeueBauh\u00e4usler.<\/span><\/p><p><a href=\"https:\/\/www.neuebauhaeusler.com\/en\/\">www.neuebauhaeusler.com<\/a><\/p>\t\t\t\t\t\t\t\t<\/div>\n\t\t\t\t<\/div>\n\t\t\t\t<div class=\"elementor-element elementor-element-e450553 elementor-icon-list--layout-traditional elementor-list-item-link-full_width elementor-widget elementor-widget-icon-list\" data-id=\"e450553\" data-element_type=\"widget\" data-e-type=\"widget\" data-widget_type=\"icon-list.default\">\n\t\t\t\t<div class=\"elementor-widget-container\">\n\t\t\t\t\t\t\t<ul class=\"elementor-icon-list-items\">\n\t\t\t\t\t\t\t<li class=\"elementor-icon-list-item\">\n\t\t\t\t\t\t\t\t\t\t\t<a href=\"https:\/\/www.neuebauhaeusler.com\/wp-content\/uploads\/2025\/06\/PE_NEB_BUe-ZEKIWA_11.6.2025_final.pdf\" target=\"_blank\">\n\n\t\t\t\t\t\t\t\t\t\t\t\t<span class=\"elementor-icon-list-icon\">\n\t\t\t\t\t\t\t<i aria-hidden=\"true\" class=\"fas fa-file-pdf\"><\/i>\t\t\t\t\t\t<\/span>\n\t\t\t\t\t\t\t\t\t\t<span class=\"elementor-icon-list-text\">Presseeinladung (PDF)<\/span>\n\t\t\t\t\t\t\t\t\t\t\t<\/a>\n\t\t\t\t\t\t\t\t\t<\/li>\n\t\t\t\t\t\t<\/ul>\n\t\t\t\t\t\t<\/div>\n\t\t\t\t<\/div>\n\t\t\t\t<\/div>\n\t\t\t\t\t<\/details>\n\t\t\t\t\t<\/div>\n\t\t\t\t\t\t<\/div>\n\t\t\t\t<\/div>\n\t\t\t\t<div class=\"elementor-element elementor-element-1443a11 elementor-widget elementor-widget-heading\" data-id=\"1443a11\" data-element_type=\"widget\" data-e-type=\"widget\" data-widget_type=\"heading.default\">\n\t\t\t\t<div class=\"elementor-widget-container\">\n\t\t\t\t\t<h2 class=\"elementor-heading-title elementor-size-default\">2026<\/h2>\t\t\t\t<\/div>\n\t\t\t\t<\/div>\n\t\t\t\t<div class=\"elementor-element elementor-element-8153ffe elementor-icon-list--layout-traditional elementor-list-item-link-full_width elementor-widget elementor-widget-icon-list\" data-id=\"8153ffe\" data-element_type=\"widget\" data-e-type=\"widget\" data-widget_type=\"icon-list.default\">\n\t\t\t\t<div class=\"elementor-widget-container\">\n\t\t\t\t\t\t\t<ul class=\"elementor-icon-list-items\">\n\t\t\t\t\t\t\t<li class=\"elementor-icon-list-item\">\n\t\t\t\t\t\t\t\t\t\t\t<a href=\"https:\/\/www.neuebauhaeusler.com\/wp-content\/uploads\/2026\/04\/PM_NEB_NWB_ONTOUR_30.4.2026_Saline_final.pdf\" target=\"_blank\">\n\n\t\t\t\t\t\t\t\t\t\t\t\t<span class=\"elementor-icon-list-icon\">\n\t\t\t\t\t\t\t<i aria-hidden=\"true\" class=\"fas fa-file-pdf\"><\/i>\t\t\t\t\t\t<\/span>\n\t\t\t\t\t\t\t\t\t\t<span class=\"elementor-icon-list-text\">NEB_ONTOUR in Halle (Saale): Kick-off f\u00fcr das NEB_PROJEKT SALTSA vom 22. April 2026<\/span>\n\t\t\t\t\t\t\t\t\t\t\t<\/a>\n\t\t\t\t\t\t\t\t\t<\/li>\n\t\t\t\t\t\t\t\t<li class=\"elementor-icon-list-item\">\n\t\t\t\t\t\t\t\t\t\t\t<a href=\"https:\/\/www.neuebauhaeusler.com\/wp-content\/uploads\/2026\/04\/PM-NEB-NWB-JRC-Konferenz-Bruessel.pdf\" target=\"_blank\">\n\n\t\t\t\t\t\t\t\t\t\t\t\t<span class=\"elementor-icon-list-icon\">\n\t\t\t\t\t\t\t<i aria-hidden=\"true\" class=\"fas fa-file-pdf\"><\/i>\t\t\t\t\t\t<\/span>\n\t\t\t\t\t\t\t\t\t\t<span class=\"elementor-icon-list-text\">Konferenz in Br\u00fcssel: \u201e100 Jahre Bauhaus Dessau und Neues Europ\u00e4isches Bauhaus vom 17. April 2026<\/span>\n\t\t\t\t\t\t\t\t\t\t\t<\/a>\n\t\t\t\t\t\t\t\t\t<\/li>\n\t\t\t\t\t\t\t\t<li class=\"elementor-icon-list-item\">\n\t\t\t\t\t\t\t\t\t\t\t<a href=\"https:\/\/www.neuebauhaeusler.com\/wp-content\/uploads\/2026\/04\/PM_NEB_NWB_NEB_ONTOUR_TIK_Dessau_10.4.26_he.pdf\" target=\"_blank\">\n\n\t\t\t\t\t\t\t\t\t\t\t\t<span class=\"elementor-icon-list-icon\">\n\t\t\t\t\t\t\t<i aria-hidden=\"true\" class=\"fas fa-file-pdf\"><\/i>\t\t\t\t\t\t<\/span>\n\t\t\t\t\t\t\t\t\t\t<span class=\"elementor-icon-list-text\">NEB_ONTOUR beim Auftakt f\u00fcr den \u201eTag der Industriekultur 2026\u201c vom 10. April 2026<\/span>\n\t\t\t\t\t\t\t\t\t\t\t<\/a>\n\t\t\t\t\t\t\t\t\t<\/li>\n\t\t\t\t\t\t\t\t<li class=\"elementor-icon-list-item\">\n\t\t\t\t\t\t\t\t\t\t\t<a href=\"https:\/\/www.neuebauhaeusler.com\/wp-content\/uploads\/2026\/04\/PM_NWB_Konferenz-JRC_15.4.26_final.pdf\" target=\"_blank\">\n\n\t\t\t\t\t\t\t\t\t\t\t\t<span class=\"elementor-icon-list-icon\">\n\t\t\t\t\t\t\t<i aria-hidden=\"true\" class=\"fas fa-file-pdf\"><\/i>\t\t\t\t\t\t<\/span>\n\t\t\t\t\t\t\t\t\t\t<span class=\"elementor-icon-list-text\">Einladung zur Konferenz \u201e100 Jahre Bauhaus Dessau und Neues Europ\u00e4isches Bauhaus (NEB) vom 9. April 2026<\/span>\n\t\t\t\t\t\t\t\t\t\t\t<\/a>\n\t\t\t\t\t\t\t\t\t<\/li>\n\t\t\t\t\t\t\t\t<li class=\"elementor-icon-list-item\">\n\t\t\t\t\t\t\t\t\t\t\t<a href=\"https:\/\/www.neuebauhaeusler.com\/wp-content\/uploads\/2026\/04\/PM_NEB_NWB_Sperrfrist-9.4.26-16h_TIK26-Auftakt_final.pdf\" target=\"_blank\">\n\n\t\t\t\t\t\t\t\t\t\t\t\t<span class=\"elementor-icon-list-icon\">\n\t\t\t\t\t\t\t<i aria-hidden=\"true\" class=\"fas fa-file-pdf\"><\/i>\t\t\t\t\t\t<\/span>\n\t\t\t\t\t\t\t\t\t\t<span class=\"elementor-icon-list-text\">\u00dcberreicht! Erste F\u00f6rdermittelbescheide f\u00fcr Angewandte NEB_PROJEKTE mit Bezug zur Industriekultur beim Auftakt zum TIK2026! vom 9. April 2026<\/span>\n\t\t\t\t\t\t\t\t\t\t\t<\/a>\n\t\t\t\t\t\t\t\t\t<\/li>\n\t\t\t\t\t\t\t\t<li class=\"elementor-icon-list-item\">\n\t\t\t\t\t\t\t\t\t\t\t<a href=\"https:\/\/www.neuebauhaeusler.com\/wp-content\/uploads\/2026\/02\/260217_PM_NEB_HSA-Abschluss-Kleinpasch_final.pdf\" target=\"_blank\">\n\n\t\t\t\t\t\t\t\t\t\t\t\t<span class=\"elementor-icon-list-icon\">\n\t\t\t\t\t\t\t<i aria-hidden=\"true\" class=\"fas fa-file-pdf\"><\/i>\t\t\t\t\t\t<\/span>\n\t\t\t\t\t\t\t\t\t\t<span class=\"elementor-icon-list-text\">\u201eGesund.Zusammen.Leben. in Kleinpaschleben\u201c: Erfolgreicher Projektabschluss f\u00fcr die Verbundpartnerin Hochschule Anhalt vom 16. Februar 2026<\/span>\n\t\t\t\t\t\t\t\t\t\t\t<\/a>\n\t\t\t\t\t\t\t\t\t<\/li>\n\t\t\t\t\t\t\t\t<li class=\"elementor-icon-list-item\">\n\t\t\t\t\t\t\t\t\t\t\t<a href=\"https:\/\/www.neuebauhaeusler.com\/wp-content\/uploads\/2026\/02\/260203_PM_NEB_ONTOUR-Thondorf_he_AF_final.pdf\" target=\"_blank\">\n\n\t\t\t\t\t\t\t\t\t\t\t\t<span class=\"elementor-icon-list-icon\">\n\t\t\t\t\t\t\t<i aria-hidden=\"true\" class=\"fas fa-file-pdf\"><\/i>\t\t\t\t\t\t<\/span>\n\t\t\t\t\t\t\t\t\t\t<span class=\"elementor-icon-list-text\">Pressemitteilung \"NEB_ONTOUR beim 'AUFTAKT LANDKIEZ' in Thondorf mit Ideen f\u00fcr mehr Schwung im Ort\" vom 31. Januar 2026<\/span>\n\t\t\t\t\t\t\t\t\t\t\t<\/a>\n\t\t\t\t\t\t\t\t\t<\/li>\n\t\t\t\t\t\t\t\t<li class=\"elementor-icon-list-item\">\n\t\t\t\t\t\t\t\t\t\t\t<a href=\"https:\/\/www.neuebauhaeusler.com\/wp-content\/uploads\/2026\/01\/Presseeinladung_NEB_ONTOUR_Thondorf_29_1_2026.pdf\" target=\"_blank\">\n\n\t\t\t\t\t\t\t\t\t\t\t\t<span class=\"elementor-icon-list-icon\">\n\t\t\t\t\t\t\t<i aria-hidden=\"true\" class=\"fas fa-file-pdf\"><\/i>\t\t\t\t\t\t<\/span>\n\t\t\t\t\t\t\t\t\t\t<span class=\"elementor-icon-list-text\">Presseeinladung AUFTAKT LANDKIEZ NEB_ONTOUR Thondorf am 29. Januar 2026<\/span>\n\t\t\t\t\t\t\t\t\t\t\t<\/a>\n\t\t\t\t\t\t\t\t\t<\/li>\n\t\t\t\t\t\t<\/ul>\n\t\t\t\t\t\t<\/div>\n\t\t\t\t<\/div>\n\t\t\t\t<div class=\"elementor-element elementor-element-3632f09 elementor-widget elementor-widget-spacer\" data-id=\"3632f09\" data-element_type=\"widget\" data-e-type=\"widget\" data-widget_type=\"spacer.default\">\n\t\t\t\t<div class=\"elementor-widget-container\">\n\t\t\t\t\t\t\t<div class=\"elementor-spacer\">\n\t\t\t<div class=\"elementor-spacer-inner\"><\/div>\n\t\t<\/div>\n\t\t\t\t\t\t<\/div>\n\t\t\t\t<\/div>\n\t\t\t\t<div class=\"elementor-element elementor-element-e37aac6 elementor-widget elementor-widget-spacer\" data-id=\"e37aac6\" data-element_type=\"widget\" data-e-type=\"widget\" data-widget_type=\"spacer.default\">\n\t\t\t\t<div class=\"elementor-widget-container\">\n\t\t\t\t\t\t\t<div class=\"elementor-spacer\">\n\t\t\t<div class=\"elementor-spacer-inner\"><\/div>\n\t\t<\/div>\n\t\t\t\t\t\t<\/div>\n\t\t\t\t<\/div>\n\t\t\t\t<div class=\"elementor-element elementor-element-03a87ba elementor-widget elementor-widget-n-accordion\" data-id=\"03a87ba\" data-element_type=\"widget\" data-e-type=\"widget\" data-settings=\"{&quot;default_state&quot;:&quot;all_collapsed&quot;,&quot;max_items_expended&quot;:&quot;one&quot;,&quot;n_accordion_animation_duration&quot;:{&quot;unit&quot;:&quot;ms&quot;,&quot;size&quot;:400,&quot;sizes&quot;:[]}}\" data-widget_type=\"nested-accordion.default\">\n\t\t\t\t<div class=\"elementor-widget-container\">\n\t\t\t\t\t\t\t<div class=\"e-n-accordion\" aria-label=\"Accordion. Open links with Enter or Space, close with Escape, and navigate with Arrow Keys\">\n\t\t\t\t\t\t<details id=\"e-n-accordion-item-3830\" class=\"e-n-accordion-item\" >\n\t\t\t\t<summary class=\"e-n-accordion-item-title\" data-accordion-index=\"1\" tabindex=\"0\" aria-expanded=\"false\" aria-controls=\"e-n-accordion-item-3830\" >\n\t\t\t\t\t<span class='e-n-accordion-item-title-header'><div class=\"e-n-accordion-item-title-text\"> Archiv Pressemitteilungen 2025 <\/div><\/span>\n\t\t\t\t\t\t\t<span class='e-n-accordion-item-title-icon'>\n\t\t\t<span class='e-opened' ><i aria-hidden=\"true\" class=\"fas fa-minus\"><\/i><\/span>\n\t\t\t<span class='e-closed'><i aria-hidden=\"true\" class=\"fas fa-plus\"><\/i><\/span>\n\t\t<\/span>\n\n\t\t\t\t\t\t<\/summary>\n\t\t\t\t<div role=\"region\" aria-labelledby=\"e-n-accordion-item-3830\" class=\"elementor-element elementor-element-5d64ce5 e-con-full e-flex e-con e-child\" data-id=\"5d64ce5\" data-element_type=\"container\" data-e-type=\"container\">\n\t\t\t\t<div class=\"elementor-element elementor-element-1304251 elementor-icon-list--layout-traditional elementor-list-item-link-full_width elementor-widget elementor-widget-icon-list\" data-id=\"1304251\" data-element_type=\"widget\" data-e-type=\"widget\" data-widget_type=\"icon-list.default\">\n\t\t\t\t<div class=\"elementor-widget-container\">\n\t\t\t\t\t\t\t<ul class=\"elementor-icon-list-items\">\n\t\t\t\t\t\t\t<li class=\"elementor-icon-list-item\">\n\t\t\t\t\t\t\t\t\t\t\t<a href=\"https:\/\/www.neuebauhaeusler.com\/wp-content\/uploads\/2025\/08\/PM_NEB_EU-Besuch-am-4.9.25_final.pdf\" target=\"_blank\">\n\n\t\t\t\t\t\t\t\t\t\t\t\t<span class=\"elementor-icon-list-icon\">\n\t\t\t\t\t\t\t<i aria-hidden=\"true\" class=\"fas fa-file-pdf\"><\/i>\t\t\t\t\t\t<\/span>\n\t\t\t\t\t\t\t\t\t\t<span class=\"elementor-icon-list-text\">Neues Europ\u00e4isches Bauhaus (NEB) 4. September 2025: Auftakt zum Bauhausjubil\u00e4um! Zeitz zeigt Zukunft! vom 20. August 2025<\/span>\n\t\t\t\t\t\t\t\t\t\t\t<\/a>\n\t\t\t\t\t\t\t\t\t<\/li>\n\t\t\t\t\t\t\t\t<li class=\"elementor-icon-list-item\">\n\t\t\t\t\t\t\t\t\t\t\t<a href=\"https:\/\/www.neuebauhaeusler.com\/wp-content\/uploads\/2025\/06\/Gemeinsame_PM_NEB_Uebergabe_Foerdermittelbesc-heid.pdf\" target=\"_blank\">\n\n\t\t\t\t\t\t\t\t\t\t\t\t<span class=\"elementor-icon-list-icon\">\n\t\t\t\t\t\t\t<i aria-hidden=\"true\" class=\"fas fa-file-pdf\"><\/i>\t\t\t\t\t\t<\/span>\n\t\t\t\t\t\t\t\t\t\t<span class=\"elementor-icon-list-text\">Gemeinsame Pressemitteilung der NEB-Verbundpartner Reallabor ZEKIWA Zeitz vom 19. Juni 2025<\/span>\n\t\t\t\t\t\t\t\t\t\t\t<\/a>\n\t\t\t\t\t\t\t\t\t<\/li>\n\t\t\t\t\t\t\t\t<li class=\"elementor-icon-list-item\">\n\t\t\t\t\t\t\t\t\t\t\t<a href=\"https:\/\/www.neuebauhaeusler.com\/wp-content\/uploads\/2025\/06\/PM_NEB_BUe-ZEKIWA_12.6.2025_final.pdf\" target=\"_blank\">\n\n\t\t\t\t\t\t\t\t\t\t\t\t<span class=\"elementor-icon-list-icon\">\n\t\t\t\t\t\t\t<i aria-hidden=\"true\" class=\"fas fa-file-pdf\"><\/i>\t\t\t\t\t\t<\/span>\n\t\t\t\t\t\t\t\t\t\t<span class=\"elementor-icon-list-text\">Pressemitteilung: Neues Europ\u00e4isches Bauhaus (NEB) in Zeitz am 19. Juni 2025<\/span>\n\t\t\t\t\t\t\t\t\t\t\t<\/a>\n\t\t\t\t\t\t\t\t\t<\/li>\n\t\t\t\t\t\t\t\t<li class=\"elementor-icon-list-item\">\n\t\t\t\t\t\t\t\t\t\t\t<a href=\"https:\/\/www.neuebauhaeusler.com\/wp-content\/uploads\/2025\/06\/PM-NEB_P2P_final_10.6.2025.pdf\" target=\"_blank\">\n\n\t\t\t\t\t\t\t\t\t\t\t\t<span class=\"elementor-icon-list-icon\">\n\t\t\t\t\t\t\t<i aria-hidden=\"true\" class=\"fas fa-file-pdf\"><\/i>\t\t\t\t\t\t<\/span>\n\t\t\t\t\t\t\t\t\t\t<span class=\"elementor-icon-list-text\">Pressemitteilung: NEB_ONTOUR: Europ\u00e4ische NEB-Community beim Schwemme e. V. am 18. Juni 2025<\/span>\n\t\t\t\t\t\t\t\t\t\t\t<\/a>\n\t\t\t\t\t\t\t\t\t<\/li>\n\t\t\t\t\t\t\t\t<li class=\"elementor-icon-list-item\">\n\t\t\t\t\t\t\t\t\t\t\t<a href=\"https:\/\/www.neuebauhaeusler.com\/wp-content\/uploads\/2025\/06\/NEB_PM_BUe_Thondorf_28.5.2025_final.pdf\" target=\"_blank\">\n\n\t\t\t\t\t\t\t\t\t\t\t\t<span class=\"elementor-icon-list-icon\">\n\t\t\t\t\t\t\t<i aria-hidden=\"true\" class=\"fas fa-file-pdf\"><\/i>\t\t\t\t\t\t<\/span>\n\t\t\t\t\t\t\t\t\t\t<span class=\"elementor-icon-list-text\">Pressemitteilung: F\u00f6rderbescheid\u00fcbergabe f\u00fcr das NEB-Projekt LandKiez Thondorf!<\/span>\n\t\t\t\t\t\t\t\t\t\t\t<\/a>\n\t\t\t\t\t\t\t\t\t<\/li>\n\t\t\t\t\t\t\t\t<li class=\"elementor-icon-list-item\">\n\t\t\t\t\t\t\t\t\t\t\t<a href=\"https:\/\/www.neuebauhaeusler.com\/wp-content\/uploads\/2025\/05\/PM-NEB_MEETS_27.-Mai-2025_final.pdf\" target=\"_blank\">\n\n\t\t\t\t\t\t\t\t\t\t\t\t<span class=\"elementor-icon-list-icon\">\n\t\t\t\t\t\t\t<i aria-hidden=\"true\" class=\"fas fa-file-pdf\"><\/i>\t\t\t\t\t\t<\/span>\n\t\t\t\t\t\t\t\t\t\t<span class=\"elementor-icon-list-text\">Presseeinladung: NEB_MEETS am 27.05.2025 \"Gemeinsam Zukunft gestalten - wie fangen wir es an?\" in Magdeburg<\/span>\n\t\t\t\t\t\t\t\t\t\t\t<\/a>\n\t\t\t\t\t\t\t\t\t<\/li>\n\t\t\t\t\t\t\t\t<li class=\"elementor-icon-list-item\">\n\t\t\t\t\t\t\t\t\t\t\t<a href=\"https:\/\/www.neuebauhaeusler.com\/wp-content\/uploads\/2025\/05\/PM_Uebergabe_Foerderbescheid_Schwemme.pdf\" target=\"_blank\">\n\n\t\t\t\t\t\t\t\t\t\t\t\t<span class=\"elementor-icon-list-icon\">\n\t\t\t\t\t\t\t<i aria-hidden=\"true\" class=\"fas fa-file-pdf\"><\/i>\t\t\t\t\t\t<\/span>\n\t\t\t\t\t\t\t\t\t\t<span class=\"elementor-icon-list-text\">Pressemitteilung: Vom Brauhaus zum Bauhaus \/ Halle (Saale) ist 3. NEB-Stadt!<\/span>\n\t\t\t\t\t\t\t\t\t\t\t<\/a>\n\t\t\t\t\t\t\t\t\t<\/li>\n\t\t\t\t\t\t\t\t<li class=\"elementor-icon-list-item\">\n\t\t\t\t\t\t\t\t\t\t\t<a href=\"https:\/\/www.neuebauhaeusler.com\/wp-content\/uploads\/2025\/05\/PM_NWB_Foerderbescheid_Schwemme_5_5_25.pdf\" target=\"_blank\">\n\n\t\t\t\t\t\t\t\t\t\t\t\t<span class=\"elementor-icon-list-icon\">\n\t\t\t\t\t\t\t<i aria-hidden=\"true\" class=\"fas fa-file-pdf\"><\/i>\t\t\t\t\t\t<\/span>\n\t\t\t\t\t\t\t\t\t\t<span class=\"elementor-icon-list-text\">Presseeinladung: Neues Europ\u00e4isches Bauhaus (NEB) in Halle (Saale) am 8. Mai 2025<\/span>\n\t\t\t\t\t\t\t\t\t\t\t<\/a>\n\t\t\t\t\t\t\t\t\t<\/li>\n\t\t\t\t\t\t\t\t<li class=\"elementor-icon-list-item\">\n\t\t\t\t\t\t\t\t\t\t\t<a href=\"https:\/\/www.neuebauhaeusler.com\/wp-content\/uploads\/2025\/04\/250410_PM_NEB_Foerderaufruf-mit-NIK.pdf\" target=\"_blank\">\n\n\t\t\t\t\t\t\t\t\t\t\t\t<span class=\"elementor-icon-list-icon\">\n\t\t\t\t\t\t\t<i aria-hidden=\"true\" class=\"fas fa-file-pdf\"><\/i>\t\t\t\t\t\t<\/span>\n\t\t\t\t\t\t\t\t\t\t<span class=\"elementor-icon-list-text\">Neues Europ\u00e4isches Bauhaus meets Industriekultur: Weiterer NEB-F\u00f6rderaufruf mit Fokus Industriekultur gestartet!, 10. April 2025<\/span>\n\t\t\t\t\t\t\t\t\t\t\t<\/a>\n\t\t\t\t\t\t\t\t\t<\/li>\n\t\t\t\t\t\t\t\t<li class=\"elementor-icon-list-item\">\n\t\t\t\t\t\t\t\t\t\t\t<a href=\"https:\/\/www.neuebauhaeusler.com\/wp-content\/uploads\/2025\/03\/PM-NWB-Eisleben_17.3.2025_final.pdf\" target=\"_blank\">\n\n\t\t\t\t\t\t\t\t\t\t\t\t<span class=\"elementor-icon-list-icon\">\n\t\t\t\t\t\t\t<i aria-hidden=\"true\" class=\"fas fa-file-pdf\"><\/i>\t\t\t\t\t\t<\/span>\n\t\t\t\t\t\t\t\t\t\t<span class=\"elementor-icon-list-text\">Pressemitteilung: Neues Europ\u00e4isches Bauhaus in Lutherstadt Eisleben:<br> Stadtpark soll \u201eB\u00fcrger- und Energiepark\u201c werden, 17. M\u00e4rz 2025<\/span>\n\t\t\t\t\t\t\t\t\t\t\t<\/a>\n\t\t\t\t\t\t\t\t\t<\/li>\n\t\t\t\t\t\t\t\t<li class=\"elementor-icon-list-item\">\n\t\t\t\t\t\t\t\t\t\t\t<a href=\"https:\/\/www.neuebauhaeusler.com\/wp-content\/uploads\/2025\/03\/PM-geae-NWB-Foerderbescheid-Eisleben_6.3.25.pdf\" target=\"_blank\">\n\n\t\t\t\t\t\t\t\t\t\t\t\t<span class=\"elementor-icon-list-icon\">\n\t\t\t\t\t\t\t<i aria-hidden=\"true\" class=\"fas fa-file-pdf\"><\/i>\t\t\t\t\t\t<\/span>\n\t\t\t\t\t\t\t\t\t\t<span class=\"elementor-icon-list-text\">Presseeinladung: Neues Europ\u00e4isches Bauhaus (NEB) in Lutherstadt Eisleben:<br>Konzept fu\u0308r geplanten \u201eBu\u0308rger- und Energiepark\u201c erh\u00e4lt europ\u00e4ische F\u00f6rderung am 17. M\u00e4rz 2025<\/span>\n\t\t\t\t\t\t\t\t\t\t\t<\/a>\n\t\t\t\t\t\t\t\t\t<\/li>\n\t\t\t\t\t\t\t\t<li class=\"elementor-icon-list-item\">\n\t\t\t\t\t\t\t\t\t\t\t<a href=\"https:\/\/www.neuebauhaeusler.com\/wp-content\/uploads\/2025\/02\/PM_Bescheiduebergabe-Kleinpaschleben_11_2_2025_2.pdf\" target=\"_blank\">\n\n\t\t\t\t\t\t\t\t\t\t\t\t<span class=\"elementor-icon-list-icon\">\n\t\t\t\t\t\t\t<i aria-hidden=\"true\" class=\"fas fa-file-pdf\"><\/i>\t\t\t\t\t\t<\/span>\n\t\t\t\t\t\t\t\t\t\t<span class=\"elementor-icon-list-text\">Neues Europ\u00e4isches Bauhaus: Erstes Vorhaben bewilligt!<\/span>\n\t\t\t\t\t\t\t\t\t\t\t<\/a>\n\t\t\t\t\t\t\t\t\t<\/li>\n\t\t\t\t\t\t\t\t<li class=\"elementor-icon-list-item\">\n\t\t\t\t\t\t\t\t\t\t\t<a href=\"https:\/\/www.neuebauhaeusler.com\/wp-content\/uploads\/2025\/02\/PM-NWB-Foerderbescheid-Kleinpaschleben_3.2.25.pdf\" target=\"_blank\">\n\n\t\t\t\t\t\t\t\t\t\t\t\t<span class=\"elementor-icon-list-icon\">\n\t\t\t\t\t\t\t<i aria-hidden=\"true\" class=\"fas fa-file-pdf\"><\/i>\t\t\t\t\t\t<\/span>\n\t\t\t\t\t\t\t\t\t\t<span class=\"elementor-icon-list-text\">Neues Europ\u00e4isches Bauhaus (NEB) in Kleinpaschleben am 10. Februar 2025<\/span>\n\t\t\t\t\t\t\t\t\t\t\t<\/a>\n\t\t\t\t\t\t\t\t\t<\/li>\n\t\t\t\t\t\t<\/ul>\n\t\t\t\t\t\t<\/div>\n\t\t\t\t<\/div>\n\t\t\t\t<\/div>\n\t\t\t\t\t<\/details>\n\t\t\t\t\t\t<details id=\"e-n-accordion-item-3831\" class=\"e-n-accordion-item\" >\n\t\t\t\t<summary class=\"e-n-accordion-item-title\" data-accordion-index=\"2\" tabindex=\"-1\" aria-expanded=\"false\" aria-controls=\"e-n-accordion-item-3831\" >\n\t\t\t\t\t<span class='e-n-accordion-item-title-header'><div class=\"e-n-accordion-item-title-text\"> Archiv Pressemitteilungen 2024 <\/div><\/span>\n\t\t\t\t\t\t\t<span class='e-n-accordion-item-title-icon'>\n\t\t\t<span class='e-opened' ><i aria-hidden=\"true\" class=\"fas fa-minus\"><\/i><\/span>\n\t\t\t<span class='e-closed'><i aria-hidden=\"true\" class=\"fas fa-plus\"><\/i><\/span>\n\t\t<\/span>\n\n\t\t\t\t\t\t<\/summary>\n\t\t\t\t<div role=\"region\" aria-labelledby=\"e-n-accordion-item-3831\" class=\"elementor-element elementor-element-656ece8 e-con-full e-flex e-con e-child\" data-id=\"656ece8\" data-element_type=\"container\" data-e-type=\"container\">\n\t\t\t\t<div class=\"elementor-element elementor-element-ce1613f elementor-icon-list--layout-traditional elementor-list-item-link-full_width elementor-widget elementor-widget-icon-list\" data-id=\"ce1613f\" data-element_type=\"widget\" data-e-type=\"widget\" data-widget_type=\"icon-list.default\">\n\t\t\t\t<div class=\"elementor-widget-container\">\n\t\t\t\t\t\t\t<ul class=\"elementor-icon-list-items\">\n\t\t\t\t\t\t\t<li class=\"elementor-icon-list-item\">\n\t\t\t\t\t\t\t\t\t\t\t<a href=\"https:\/\/www.neuebauhaeusler.com\/wp-content\/uploads\/2025\/02\/PM-NEB_MEETS_11.12.24.pdf\" target=\"_blank\">\n\n\t\t\t\t\t\t\t\t\t\t\t\t<span class=\"elementor-icon-list-icon\">\n\t\t\t\t\t\t\t<i aria-hidden=\"true\" class=\"fas fa-file-pdf\"><\/i>\t\t\t\t\t\t<\/span>\n\t\t\t\t\t\t\t\t\t\t<span class=\"elementor-icon-list-text\">NEB_MEETS am 11. Dezember 2024<\/span>\n\t\t\t\t\t\t\t\t\t\t\t<\/a>\n\t\t\t\t\t\t\t\t\t<\/li>\n\t\t\t\t\t\t\t\t<li class=\"elementor-icon-list-item\">\n\t\t\t\t\t\t\t\t\t\t\t<a href=\"https:\/\/www.neuebauhaeusler.com\/wp-content\/uploads\/2025\/02\/Presseeinladung_NEB-Ontour_6.12.24.pdf\" target=\"_blank\">\n\n\t\t\t\t\t\t\t\t\t\t\t\t<span class=\"elementor-icon-list-icon\">\n\t\t\t\t\t\t\t<i aria-hidden=\"true\" class=\"fas fa-file-pdf\"><\/i>\t\t\t\t\t\t<\/span>\n\t\t\t\t\t\t\t\t\t\t<span class=\"elementor-icon-list-text\">NEB_ONTOUR: 6. Dezember 2024, Einladung nach Kleinpaschleben!<\/span>\n\t\t\t\t\t\t\t\t\t\t\t<\/a>\n\t\t\t\t\t\t\t\t\t<\/li>\n\t\t\t\t\t\t<\/ul>\n\t\t\t\t\t\t<\/div>\n\t\t\t\t<\/div>\n\t\t\t\t<\/div>\n\t\t\t\t\t<\/details>\n\t\t\t\t\t\t<details id=\"e-n-accordion-item-3832\" class=\"e-n-accordion-item\" >\n\t\t\t\t<summary class=\"e-n-accordion-item-title\" data-accordion-index=\"3\" tabindex=\"-1\" aria-expanded=\"false\" aria-controls=\"e-n-accordion-item-3832\" >\n\t\t\t\t\t<span class='e-n-accordion-item-title-header'><div class=\"e-n-accordion-item-title-text\"> Archiv Pressemitteilungen 2023 <\/div><\/span>\n\t\t\t\t\t\t\t<span class='e-n-accordion-item-title-icon'>\n\t\t\t<span class='e-opened' ><i aria-hidden=\"true\" class=\"fas fa-minus\"><\/i><\/span>\n\t\t\t<span class='e-closed'><i aria-hidden=\"true\" class=\"fas fa-plus\"><\/i><\/span>\n\t\t<\/span>\n\n\t\t\t\t\t\t<\/summary>\n\t\t\t\t<div role=\"region\" aria-labelledby=\"e-n-accordion-item-3832\" class=\"elementor-element elementor-element-eb0d8a1 e-con-full e-flex e-con e-child\" data-id=\"eb0d8a1\" data-element_type=\"container\" data-e-type=\"container\">\n\t\t\t\t<div class=\"elementor-element elementor-element-81f1aa1 elementor-icon-list--layout-traditional elementor-list-item-link-full_width elementor-widget elementor-widget-icon-list\" data-id=\"81f1aa1\" data-element_type=\"widget\" data-e-type=\"widget\" data-widget_type=\"icon-list.default\">\n\t\t\t\t<div class=\"elementor-widget-container\">\n\t\t\t\t\t\t\t<ul class=\"elementor-icon-list-items\">\n\t\t\t\t\t\t\t<li class=\"elementor-icon-list-item\">\n\t\t\t\t\t\t\t\t\t\t\t<a href=\"https:\/\/www.neuebauhaeusler.com\/wp-content\/uploads\/2025\/02\/Presseeinladung-NEB_ONTOUR_Merseburg_30.11.2023.pdf\" target=\"_blank\">\n\n\t\t\t\t\t\t\t\t\t\t\t\t<span class=\"elementor-icon-list-icon\">\n\t\t\t\t\t\t\t<i aria-hidden=\"true\" class=\"fas fa-file-pdf\"><\/i>\t\t\t\t\t\t<\/span>\n\t\t\t\t\t\t\t\t\t\t<span class=\"elementor-icon-list-text\">NEB_ONTOUR! \u2013 Die 2. Reise geht nach Merseburg!<\/span>\n\t\t\t\t\t\t\t\t\t\t\t<\/a>\n\t\t\t\t\t\t\t\t\t<\/li>\n\t\t\t\t\t\t\t\t<li class=\"elementor-icon-list-item\">\n\t\t\t\t\t\t\t\t\t\t\t<a href=\"https:\/\/www.neuebauhaeusler.com\/wp-content\/uploads\/2025\/02\/Presseeinladung_ONTOUR_Droyssig_26.10.23.pdf\" target=\"_blank\">\n\n\t\t\t\t\t\t\t\t\t\t\t\t<span class=\"elementor-icon-list-icon\">\n\t\t\t\t\t\t\t<i aria-hidden=\"true\" class=\"fas fa-file-pdf\"><\/i>\t\t\t\t\t\t<\/span>\n\t\t\t\t\t\t\t\t\t\t<span class=\"elementor-icon-list-text\">Start der NEB_ONTOUR! \u2013 Die 1. Reise geht nach Droy\u00dfig!<\/span>\n\t\t\t\t\t\t\t\t\t\t\t<\/a>\n\t\t\t\t\t\t\t\t\t<\/li>\n\t\t\t\t\t\t\t\t<li class=\"elementor-icon-list-item\">\n\t\t\t\t\t\t\t\t\t\t\t<a href=\"https:\/\/www.neuebauhaeusler.com\/wp-content\/uploads\/2025\/02\/371-PM-Kick-Off-NEB.pdf\" target=\"_blank\">\n\n\t\t\t\t\t\t\t\t\t\t\t\t<span class=\"elementor-icon-list-icon\">\n\t\t\t\t\t\t\t<i aria-hidden=\"true\" class=\"fas fa-file-pdf\"><\/i>\t\t\t\t\t\t<\/span>\n\t\t\t\t\t\t\t\t\t\t<span class=\"elementor-icon-list-text\">Kick-Off f\u00fcr Neues Europ\u00e4isches Bauhaus<\/span>\n\t\t\t\t\t\t\t\t\t\t\t<\/a>\n\t\t\t\t\t\t\t\t\t<\/li>\n\t\t\t\t\t\t<\/ul>\n\t\t\t\t\t\t<\/div>\n\t\t\t\t<\/div>\n\t\t\t\t<\/div>\n\t\t\t\t\t<\/details>\n\t\t\t\t\t<\/div>\n\t\t\t\t\t\t<\/div>\n\t\t\t\t<\/div>\n\t\t\t\t<div class=\"elementor-element elementor-element-1925429 elementor-widget-divider--view-line elementor-widget elementor-widget-divider\" data-id=\"1925429\" data-element_type=\"widget\" data-e-type=\"widget\" data-widget_type=\"divider.default\">\n\t\t\t\t<div class=\"elementor-widget-container\">\n\t\t\t\t\t\t\t<div class=\"elementor-divider\">\n\t\t\t<span class=\"elementor-divider-separator\">\n\t\t\t\t\t\t<\/span>\n\t\t<\/div>\n\t\t\t\t\t\t<\/div>\n\t\t\t\t<\/div>\n\t\t\t\t<div class=\"elementor-element elementor-element-0f0b006 elementor-widget elementor-widget-heading\" data-id=\"0f0b006\" data-element_type=\"widget\" data-e-type=\"widget\" data-widget_type=\"heading.default\">\n\t\t\t\t<div class=\"elementor-widget-container\">\n\t\t\t\t\t<h2 class=\"elementor-heading-title elementor-size-default\">Press Review<\/h2>\t\t\t\t<\/div>\n\t\t\t\t<\/div>\n\t\t\t\t<div class=\"elementor-element elementor-element-d2a5597 elementor-widget elementor-widget-spacer\" data-id=\"d2a5597\" data-element_type=\"widget\" data-e-type=\"widget\" data-widget_type=\"spacer.default\">\n\t\t\t\t<div class=\"elementor-widget-container\">\n\t\t\t\t\t\t\t<div class=\"elementor-spacer\">\n\t\t\t<div class=\"elementor-spacer-inner\"><\/div>\n\t\t<\/div>\n\t\t\t\t\t\t<\/div>\n\t\t\t\t<\/div>\n\t\t\t\t<div class=\"elementor-element elementor-element-ecb6317 elementor-widget elementor-widget-heading\" data-id=\"ecb6317\" data-element_type=\"widget\" data-e-type=\"widget\" data-widget_type=\"heading.default\">\n\t\t\t\t<div class=\"elementor-widget-container\">\n\t\t\t\t\t<h2 class=\"elementor-heading-title elementor-size-default\">2026<\/h2>\t\t\t\t<\/div>\n\t\t\t\t<\/div>\n\t\t\t\t<div class=\"elementor-element elementor-element-de69f46 elementor-icon-list--layout-traditional elementor-list-item-link-full_width elementor-widget elementor-widget-icon-list\" data-id=\"de69f46\" data-element_type=\"widget\" data-e-type=\"widget\" data-widget_type=\"icon-list.default\">\n\t\t\t\t<div class=\"elementor-widget-container\">\n\t\t\t\t\t\t\t<ul class=\"elementor-icon-list-items\">\n\t\t\t\t\t\t\t<li class=\"elementor-icon-list-item\">\n\t\t\t\t\t\t\t\t\t\t\t<a href=\"https:\/\/www.neuebauhaeusler.com\/wp-content\/uploads\/2026\/02\/MZ_SAN_10022026.pdf\" target=\"_blank\">\n\n\t\t\t\t\t\t\t\t\t\t\t\t<span class=\"elementor-icon-list-icon\">\n\t\t\t\t\t\t\t<i aria-hidden=\"true\" class=\"fas fa-file-pdf\"><\/i>\t\t\t\t\t\t<\/span>\n\t\t\t\t\t\t\t\t\t\t<span class=\"elementor-icon-list-text\">Wie Thondorf seinen Gutshof neu erfindet (MZ vom 10.02.2026, mit freundlicher Genehmigung der MZ)<\/span>\n\t\t\t\t\t\t\t\t\t\t\t<\/a>\n\t\t\t\t\t\t\t\t\t<\/li>\n\t\t\t\t\t\t\t\t<li class=\"elementor-icon-list-item\">\n\t\t\t\t\t\t\t\t\t\t\t<a href=\"https:\/\/www.neuebauhaeusler.com\/wp-content\/uploads\/2026\/01\/Bauwelt_1_2026_Schwemme_web.pdf\" target=\"_blank\">\n\n\t\t\t\t\t\t\t\t\t\t\t\t<span class=\"elementor-icon-list-icon\">\n\t\t\t\t\t\t\t<i aria-hidden=\"true\" class=\"fas fa-file-pdf\"><\/i>\t\t\t\t\t\t<\/span>\n\t\t\t\t\t\t\t\t\t\t<span class=\"elementor-icon-list-text\">Wer keine Phantasie hat, dem ist nicht zu helfen! \/ Schwemme (Bauwelt 1.2026, mit freundlicher Genehmigung der Bauwelt)<\/span>\n\t\t\t\t\t\t\t\t\t\t\t<\/a>\n\t\t\t\t\t\t\t\t\t<\/li>\n\t\t\t\t\t\t<\/ul>\n\t\t\t\t\t\t<\/div>\n\t\t\t\t<\/div>\n\t\t\t\t<div class=\"elementor-element elementor-element-f2d6991 elementor-widget elementor-widget-spacer\" data-id=\"f2d6991\" data-element_type=\"widget\" data-e-type=\"widget\" data-widget_type=\"spacer.default\">\n\t\t\t\t<div class=\"elementor-widget-container\">\n\t\t\t\t\t\t\t<div class=\"elementor-spacer\">\n\t\t\t<div class=\"elementor-spacer-inner\"><\/div>\n\t\t<\/div>\n\t\t\t\t\t\t<\/div>\n\t\t\t\t<\/div>\n\t\t\t\t<div class=\"elementor-element elementor-element-2160b1a elementor-widget elementor-widget-spacer\" data-id=\"2160b1a\" data-element_type=\"widget\" data-e-type=\"widget\" data-widget_type=\"spacer.default\">\n\t\t\t\t<div class=\"elementor-widget-container\">\n\t\t\t\t\t\t\t<div class=\"elementor-spacer\">\n\t\t\t<div class=\"elementor-spacer-inner\"><\/div>\n\t\t<\/div>\n\t\t\t\t\t\t<\/div>\n\t\t\t\t<\/div>\n\t\t\t\t<div class=\"elementor-element elementor-element-9e04e17 elementor-widget elementor-widget-n-accordion\" data-id=\"9e04e17\" data-element_type=\"widget\" data-e-type=\"widget\" data-settings=\"{&quot;default_state&quot;:&quot;all_collapsed&quot;,&quot;max_items_expended&quot;:&quot;one&quot;,&quot;n_accordion_animation_duration&quot;:{&quot;unit&quot;:&quot;ms&quot;,&quot;size&quot;:400,&quot;sizes&quot;:[]}}\" data-widget_type=\"nested-accordion.default\">\n\t\t\t\t<div class=\"elementor-widget-container\">\n\t\t\t\t\t\t\t<div class=\"e-n-accordion\" aria-label=\"Accordion. Open links with Enter or Space, close with Escape, and navigate with Arrow Keys\">\n\t\t\t\t\t\t<details id=\"e-n-accordion-item-1650\" class=\"e-n-accordion-item\" >\n\t\t\t\t<summary class=\"e-n-accordion-item-title\" data-accordion-index=\"1\" tabindex=\"0\" aria-expanded=\"false\" aria-controls=\"e-n-accordion-item-1650\" >\n\t\t\t\t\t<span class='e-n-accordion-item-title-header'><div class=\"e-n-accordion-item-title-text\"> Archiv Pressespiegel 2025 <\/div><\/span>\n\t\t\t\t\t\t\t<span class='e-n-accordion-item-title-icon'>\n\t\t\t<span class='e-opened' ><i aria-hidden=\"true\" class=\"fas fa-minus\"><\/i><\/span>\n\t\t\t<span class='e-closed'><i aria-hidden=\"true\" class=\"fas fa-plus\"><\/i><\/span>\n\t\t<\/span>\n\n\t\t\t\t\t\t<\/summary>\n\t\t\t\t<div role=\"region\" aria-labelledby=\"e-n-accordion-item-1650\" class=\"elementor-element elementor-element-3bc4896 e-con-full e-flex e-con e-child\" data-id=\"3bc4896\" data-element_type=\"container\" data-e-type=\"container\">\n\t\t\t\t<div class=\"elementor-element elementor-element-375ae8d elementor-icon-list--layout-traditional elementor-list-item-link-full_width elementor-widget elementor-widget-icon-list\" data-id=\"375ae8d\" data-element_type=\"widget\" data-e-type=\"widget\" data-widget_type=\"icon-list.default\">\n\t\t\t\t<div class=\"elementor-widget-container\">\n\t\t\t\t\t\t\t<ul class=\"elementor-icon-list-items\">\n\t\t\t\t\t\t\t<li class=\"elementor-icon-list-item\">\n\t\t\t\t\t\t\t\t\t\t\t<a href=\"https:\/\/www.neuebauhaeusler.com\/wp-content\/uploads\/2025\/12\/MZ_12112025.pdf\" target=\"_blank\">\n\n\t\t\t\t\t\t\t\t\t\t\t\t<span class=\"elementor-icon-list-icon\">\n\t\t\t\t\t\t\t<i aria-hidden=\"true\" class=\"fas fa-file-pdf\"><\/i>\t\t\t\t\t\t<\/span>\n\t\t\t\t\t\t\t\t\t\t<span class=\"elementor-icon-list-text\">Auszeichnung f\u00fcr Projekt der Schwemme  (MZ vom 12.11.2025, mit freundlicher Genehmigung der MZ)<\/span>\n\t\t\t\t\t\t\t\t\t\t\t<\/a>\n\t\t\t\t\t\t\t\t\t<\/li>\n\t\t\t\t\t\t\t\t<li class=\"elementor-icon-list-item\">\n\t\t\t\t\t\t\t\t\t\t\t<a href=\"https:\/\/www.neuebauhaeusler.com\/wp-content\/uploads\/2025\/09\/MZ_ZZ_06092025.pdf\" target=\"_blank\">\n\n\t\t\t\t\t\t\t\t\t\t\t\t<span class=\"elementor-icon-list-icon\">\n\t\t\t\t\t\t\t<i aria-hidden=\"true\" class=\"fas fa-file-pdf\"><\/i>\t\t\t\t\t\t<\/span>\n\t\t\t\t\t\t\t\t\t\t<span class=\"elementor-icon-list-text\">Zekiwa-Areal ist nun Labor (MZ vom 06.\/07.09.2025, mit freundlicher Genehmigung der MZ)<\/span>\n\t\t\t\t\t\t\t\t\t\t\t<\/a>\n\t\t\t\t\t\t\t\t\t<\/li>\n\t\t\t\t\t\t\t\t<li class=\"elementor-icon-list-item\">\n\t\t\t\t\t\t\t\t\t\t\t<a href=\"https:\/\/www.neuebauhaeusler.com\/wp-content\/uploads\/2025\/09\/MZ_ZZ_05092025.pdf\" target=\"_blank\">\n\n\t\t\t\t\t\t\t\t\t\t\t\t<span class=\"elementor-icon-list-icon\">\n\t\t\t\t\t\t\t<i aria-hidden=\"true\" class=\"fas fa-file-pdf\"><\/i>\t\t\t\t\t\t<\/span>\n\t\t\t\t\t\t\t\t\t\t<span class=\"elementor-icon-list-text\">\"Fragen der Zukunft er\u00f6rtern\" (MZ vom 05.09.2025, mit freundlicher Genehmigung der MZ)<\/span>\n\t\t\t\t\t\t\t\t\t\t\t<\/a>\n\t\t\t\t\t\t\t\t\t<\/li>\n\t\t\t\t\t\t\t\t<li class=\"elementor-icon-list-item\">\n\t\t\t\t\t\t\t\t\t\t\t<a href=\"https:\/\/www.mdr.de\/nachrichten\/sachsen-anhalt\/dessau\/dessau-rosslau\/bauhaus-jubilaeum-hundert-jahre-zukunft-gegenwart-kultur-news-102.html\" target=\"_blank\" rel=\"noopener noreferrer nofollow\">\n\n\t\t\t\t\t\t\t\t\t\t\t\t<span class=\"elementor-icon-list-icon\">\n\t\t\t\t\t\t\t<i aria-hidden=\"true\" class=\"far fa-bookmark\"><\/i>\t\t\t\t\t\t<\/span>\n\t\t\t\t\t\t\t\t\t\t<span class=\"elementor-icon-list-text\">Bauhaus heute: Sch\u00f6n, nachhaltig und gemeinsam gestaltet \/ Schule in Kleinpaschleben soll Familienzentrum werden (MDR KULTUR am 5.9.2025)<\/span>\n\t\t\t\t\t\t\t\t\t\t\t<\/a>\n\t\t\t\t\t\t\t\t\t<\/li>\n\t\t\t\t\t\t\t\t<li class=\"elementor-icon-list-item\">\n\t\t\t\t\t\t\t\t\t\t\t<a href=\"https:\/\/www.neuebauhaeusler.com\/wp-content\/uploads\/2025\/08\/BAUWELT-18_2025_ZEKIWA_S6_web.pdf\" target=\"_blank\">\n\n\t\t\t\t\t\t\t\t\t\t\t\t<span class=\"elementor-icon-list-icon\">\n\t\t\t\t\t\t\t<i aria-hidden=\"true\" class=\"fas fa-file-pdf\"><\/i>\t\t\t\t\t\t<\/span>\n\t\t\t\t\t\t\t\t\t\t<span class=\"elementor-icon-list-text\">Reallabor in der Kinderwagenfabrik (Bauwelt 18.2025, Seite 6, mit freundlicher Genehmigung der Bauwelt)<\/span>\n\t\t\t\t\t\t\t\t\t\t\t<\/a>\n\t\t\t\t\t\t\t\t\t<\/li>\n\t\t\t\t\t\t\t\t<li class=\"elementor-icon-list-item\">\n\t\t\t\t\t\t\t\t\t\t\t<a href=\"https:\/\/www.neuebauhaeusler.com\/wp-content\/uploads\/2025\/08\/Beitrag-NEB-ZEKIWA-aus-DAB-07-08-25-Web.pdf\" target=\"_blank\">\n\n\t\t\t\t\t\t\t\t\t\t\t\t<span class=\"elementor-icon-list-icon\">\n\t\t\t\t\t\t\t<i aria-hidden=\"true\" class=\"fas fa-file-pdf\"><\/i>\t\t\t\t\t\t<\/span>\n\t\t\t\t\t\t\t\t\t\t<span class=\"elementor-icon-list-text\">Bauhaus trifft ZEKIWA (Deutsches Architektenblatt 07-08\/2025)<\/span>\n\t\t\t\t\t\t\t\t\t\t\t<\/a>\n\t\t\t\t\t\t\t\t\t<\/li>\n\t\t\t\t\t\t\t\t<li class=\"elementor-icon-list-item\">\n\t\t\t\t\t\t\t\t\t\t\t<a href=\"https:\/\/www.neuebauhaeusler.com\/wp-content\/uploads\/2025\/07\/MZ_20062025_KohleMillionen_fuer_Zeitz.pdf\" target=\"_blank\">\n\n\t\t\t\t\t\t\t\t\t\t\t\t<span class=\"elementor-icon-list-icon\">\n\t\t\t\t\t\t\t<i aria-hidden=\"true\" class=\"fas fa-file-pdf\"><\/i>\t\t\t\t\t\t<\/span>\n\t\t\t\t\t\t\t\t\t\t<span class=\"elementor-icon-list-text\">Kohle-Millionen f\u00fcr Zeitz (MZ vom 20.06.2025, mit freundlicher Genehmigung der MZ)<\/span>\n\t\t\t\t\t\t\t\t\t\t\t<\/a>\n\t\t\t\t\t\t\t\t\t<\/li>\n\t\t\t\t\t\t\t\t<li class=\"elementor-icon-list-item\">\n\t\t\t\t\t\t\t\t\t\t\t<a href=\"https:\/\/www.neuebauhaeusler.com\/wp-content\/uploads\/2025\/07\/MZ_200625_Bauhaus_trifft_Zekiwa.pdf\" target=\"_blank\">\n\n\t\t\t\t\t\t\t\t\t\t\t\t<span class=\"elementor-icon-list-icon\">\n\t\t\t\t\t\t\t<i aria-hidden=\"true\" class=\"fas fa-file-pdf\"><\/i>\t\t\t\t\t\t<\/span>\n\t\t\t\t\t\t\t\t\t\t<span class=\"elementor-icon-list-text\">Bauhaus trifft Zekiwa (MZ vom 20.06.2025, mit freundlicher Genehmigung der MZ)<\/span>\n\t\t\t\t\t\t\t\t\t\t\t<\/a>\n\t\t\t\t\t\t\t\t\t<\/li>\n\t\t\t\t\t\t\t\t<li class=\"elementor-icon-list-item\">\n\t\t\t\t\t\t\t\t\t\t\t<a href=\"https:\/\/www.neuebauhaeusler.com\/wp-content\/uploads\/2025\/07\/VS_20062025_Bauhaus_trifft_Zekiwa.pdf\" target=\"_blank\">\n\n\t\t\t\t\t\t\t\t\t\t\t\t<span class=\"elementor-icon-list-icon\">\n\t\t\t\t\t\t\t<i aria-hidden=\"true\" class=\"fas fa-file-pdf\"><\/i>\t\t\t\t\t\t<\/span>\n\t\t\t\t\t\t\t\t\t\t<span class=\"elementor-icon-list-text\">Bauhaus trifft Zekiwa (VS vom 20.06.2025, mit freundlicher Genehmigung der Volksstimme)<\/span>\n\t\t\t\t\t\t\t\t\t\t\t<\/a>\n\t\t\t\t\t\t\t\t\t<\/li>\n\t\t\t\t\t\t\t\t<li class=\"elementor-icon-list-item\">\n\t\t\t\t\t\t\t\t\t\t\t<a href=\"https:\/\/www.neuebauhaeusler.com\/wp-content\/uploads\/2025\/06\/Beitrag_NEB_aus_DAB_06_2025_web.pdf\" target=\"_blank\">\n\n\t\t\t\t\t\t\t\t\t\t\t\t<span class=\"elementor-icon-list-icon\">\n\t\t\t\t\t\t\t<i aria-hidden=\"true\" class=\"fas fa-file-pdf\"><\/i>\t\t\t\t\t\t<\/span>\n\t\t\t\t\t\t\t\t\t\t<span class=\"elementor-icon-list-text\">F\u00f6rderaufruf gestartet! NEB trifft Industriekultur \/ Vom Brauhaus zum Bauhaus (Deutsches Architektenblatt 06\/2025)<\/span>\n\t\t\t\t\t\t\t\t\t\t\t<\/a>\n\t\t\t\t\t\t\t\t\t<\/li>\n\t\t\t\t\t\t\t\t<li class=\"elementor-icon-list-item\">\n\t\t\t\t\t\t\t\t\t\t\t<a href=\"https:\/\/www.neuebauhaeusler.com\/wp-content\/uploads\/2025\/05\/MZ_HAL_09052025_14.pdf\" target=\"_blank\">\n\n\t\t\t\t\t\t\t\t\t\t\t\t<span class=\"elementor-icon-list-icon\">\n\t\t\t\t\t\t\t<i aria-hidden=\"true\" class=\"fas fa-file-pdf\"><\/i>\t\t\t\t\t\t<\/span>\n\t\t\t\t\t\t\t\t\t\t<span class=\"elementor-icon-list-text\">Millionenf\u00f6rderung f\u00fcr Projekt in Halle (MZ vom 09.05.2025, mit freundlicher Genehmigung der MZ)<\/span>\n\t\t\t\t\t\t\t\t\t\t\t<\/a>\n\t\t\t\t\t\t\t\t\t<\/li>\n\t\t\t\t\t\t\t\t<li class=\"elementor-icon-list-item\">\n\t\t\t\t\t\t\t\t\t\t\t<a href=\"https:\/\/www.neuebauhaeusler.com\/wp-content\/uploads\/2025\/04\/Beitrag-NEB-Lutherstadt-Eisleben-aus-DAB-05-2025-Web.pdf\" target=\"_blank\">\n\n\t\t\t\t\t\t\t\t\t\t\t\t<span class=\"elementor-icon-list-icon\">\n\t\t\t\t\t\t\t<i aria-hidden=\"true\" class=\"fas fa-file-pdf\"><\/i>\t\t\t\t\t\t<\/span>\n\t\t\t\t\t\t\t\t\t\t<span class=\"elementor-icon-list-text\">Das Ziel: \"B\u00fcrger- und Energiepark\", Neues Europ\u00e4isches Bauhaus (NEB) in Sachsen-Anhalt: Lutherstadt Eisleben (Deutsches Architektenblatt 05\/2025)<\/span>\n\t\t\t\t\t\t\t\t\t\t\t<\/a>\n\t\t\t\t\t\t\t\t\t<\/li>\n\t\t\t\t\t\t\t\t<li class=\"elementor-icon-list-item\">\n\t\t\t\t\t\t\t\t\t\t\t<a href=\"https:\/\/www.neuebauhaeusler.com\/wp-content\/uploads\/2025\/03\/Beitrag_NEB_Kleinpaschleben_aus_DAB_04-2025_Web.pdf\" target=\"_blank\">\n\n\t\t\t\t\t\t\t\t\t\t\t\t<span class=\"elementor-icon-list-icon\">\n\t\t\t\t\t\t\t<i aria-hidden=\"true\" class=\"fas fa-file-pdf\"><\/i>\t\t\t\t\t\t<\/span>\n\t\t\t\t\t\t\t\t\t\t<span class=\"elementor-icon-list-text\">Erstes NEB-Vorhaben bewilligt! Neues Europ\u00e4isches Bauhaus in Sachsen-Anhalt: Kleinpaschleben (Deutsches Architektenblatt 04\/2025)<\/span>\n\t\t\t\t\t\t\t\t\t\t\t<\/a>\n\t\t\t\t\t\t\t\t\t<\/li>\n\t\t\t\t\t\t\t\t<li class=\"elementor-icon-list-item\">\n\t\t\t\t\t\t\t\t\t\t\t<a href=\"https:\/\/www.neuebauhaeusler.com\/wp-content\/uploads\/2025\/03\/MZ_ELN_18032025.pdf\" target=\"_blank\">\n\n\t\t\t\t\t\t\t\t\t\t\t\t<span class=\"elementor-icon-list-icon\">\n\t\t\t\t\t\t\t<i aria-hidden=\"true\" class=\"fas fa-file-pdf\"><\/i>\t\t\t\t\t\t<\/span>\n\t\t\t\t\t\t\t\t\t\t<span class=\"elementor-icon-list-text\">Konzept f\u00fcr den Stadtpark (Eisleben) (MZ vom 18.03.2025, mit freundlicher Genehmigung der MZ)<\/span>\n\t\t\t\t\t\t\t\t\t\t\t<\/a>\n\t\t\t\t\t\t\t\t\t<\/li>\n\t\t\t\t\t\t\t\t<li class=\"elementor-icon-list-item\">\n\t\t\t\t\t\t\t\t\t\t\t<a href=\"https:\/\/www.bbglive.de\/2025\/02\/11\/haseloff-und-willingmann-unterst%C3%BCtzen-die-zukunft-der-region-f%C3%B6rderbescheide-f%C3%BCr-die-hochschule-anhalt\/\" target=\"_blank\" rel=\"noopener noreferrer nofollow\">\n\n\t\t\t\t\t\t\t\t\t\t\t\t<span class=\"elementor-icon-list-icon\">\n\t\t\t\t\t\t\t<i aria-hidden=\"true\" class=\"far fa-bookmark\"><\/i>\t\t\t\t\t\t<\/span>\n\t\t\t\t\t\t\t\t\t\t<span class=\"elementor-icon-list-text\">Haseloff und Willingmann unterst\u00fctzen die Zukunft der Region: F\u00f6rderbescheide f\u00fcr die Hochschule Anhalt (Salzlandmagazin, 11.02.2025)<\/span>\n\t\t\t\t\t\t\t\t\t\t\t<\/a>\n\t\t\t\t\t\t\t\t\t<\/li>\n\t\t\t\t\t\t\t\t<li class=\"elementor-icon-list-item\">\n\t\t\t\t\t\t\t\t\t\t\t<a href=\"https:\/\/www.neuebauhaeusler.com\/wp-content\/uploads\/2025\/03\/MZ_KTN_11022025_2.pdf\" target=\"_blank\">\n\n\t\t\t\t\t\t\t\t\t\t\t\t<span class=\"elementor-icon-list-icon\">\n\t\t\t\t\t\t\t<i aria-hidden=\"true\" class=\"fas fa-file-pdf\"><\/i>\t\t\t\t\t\t<\/span>\n\t\t\t\t\t\t\t\t\t\t<span class=\"elementor-icon-list-text\">Erste Ideen werden dieses Jahr umgesetzt (MZ vom 11.02.2025, mit freundlicher Genehmigung der MZ)<\/span>\n\t\t\t\t\t\t\t\t\t\t\t<\/a>\n\t\t\t\t\t\t\t\t\t<\/li>\n\t\t\t\t\t\t\t\t<li class=\"elementor-icon-list-item\">\n\t\t\t\t\t\t\t\t\t\t\t<a href=\"https:\/\/www.neuebauhaeusler.com\/wp-content\/uploads\/2025\/02\/HS-Anhalt_Kleinpaschleben_10.2.25.pdf\" target=\"_blank\">\n\n\t\t\t\t\t\t\t\t\t\t\t\t<span class=\"elementor-icon-list-icon\">\n\t\t\t\t\t\t\t<i aria-hidden=\"true\" class=\"fas fa-file-pdf\"><\/i>\t\t\t\t\t\t<\/span>\n\t\t\t\t\t\t\t\t\t\t<span class=\"elementor-icon-list-text\">Haseloff und Willingmann unterst\u00fctzen die Zukunft der Region: F\u00f6rderbescheide f\u00fcr die Hochschule Anhalt, 10.02.25<br>(mit freundlicher Genehmigung der Hochschule Anhalt)<\/span>\n\t\t\t\t\t\t\t\t\t\t\t<\/a>\n\t\t\t\t\t\t\t\t\t<\/li>\n\t\t\t\t\t\t\t\t<li class=\"elementor-icon-list-item\">\n\t\t\t\t\t\t\t\t\t\t\t<a href=\"https:\/\/www.volksstimme.de\/panorama\/neues-europaisches-bauhaus-erstes-bewilligtes-projekt-3996151\" target=\"_blank\" rel=\"noopener noreferrer nofollow\">\n\n\t\t\t\t\t\t\t\t\t\t\t\t<span class=\"elementor-icon-list-icon\">\n\t\t\t\t\t\t\t<i aria-hidden=\"true\" class=\"far fa-bookmark\"><\/i>\t\t\t\t\t\t<\/span>\n\t\t\t\t\t\t\t\t\t\t<span class=\"elementor-icon-list-text\">\u201eNeues Europ\u00e4isches Bauhaus\u201c \u2013 Erstes bewilligtes Projekt (08.02.2025, mit freundlicher Genehmigung der Volksstimme)<\/span>\n\t\t\t\t\t\t\t\t\t\t\t<\/a>\n\t\t\t\t\t\t\t\t\t<\/li>\n\t\t\t\t\t\t\t\t<li class=\"elementor-icon-list-item\">\n\t\t\t\t\t\t\t\t\t\t\t<a href=\"https:\/\/www.sueddeutsche.de\/leben\/europaeische-foerderung-neues-europaeisches-bauhaus-erstes-bewilligtes-projekt-dpa.urn-newsml-dpa-com-20090101-250208-930-369065\" target=\"_blank\" rel=\"noopener noreferrer nofollow\">\n\n\t\t\t\t\t\t\t\t\t\t\t\t<span class=\"elementor-icon-list-icon\">\n\t\t\t\t\t\t\t<i aria-hidden=\"true\" class=\"far fa-bookmark\"><\/i>\t\t\t\t\t\t<\/span>\n\t\t\t\t\t\t\t\t\t\t<span class=\"elementor-icon-list-text\">Europ\u00e4ische F\u00f6rderung \u2013\u00a0\u201eNeues Europ\u00e4isches Bauhaus\u201c \u2013 Erstes bewilligtes Projekt (S\u00fcddeutsche Zeitung, 08.02.2025)<\/span>\n\t\t\t\t\t\t\t\t\t\t\t<\/a>\n\t\t\t\t\t\t\t\t\t<\/li>\n\t\t\t\t\t\t<\/ul>\n\t\t\t\t\t\t<\/div>\n\t\t\t\t<\/div>\n\t\t\t\t<\/div>\n\t\t\t\t\t<\/details>\n\t\t\t\t\t\t<details id=\"e-n-accordion-item-1651\" class=\"e-n-accordion-item\" >\n\t\t\t\t<summary class=\"e-n-accordion-item-title\" data-accordion-index=\"2\" tabindex=\"-1\" aria-expanded=\"false\" aria-controls=\"e-n-accordion-item-1651\" >\n\t\t\t\t\t<span class='e-n-accordion-item-title-header'><div class=\"e-n-accordion-item-title-text\"> Archiv Pressespiegel 2024 <\/div><\/span>\n\t\t\t\t\t\t\t<span class='e-n-accordion-item-title-icon'>\n\t\t\t<span class='e-opened' ><i aria-hidden=\"true\" class=\"fas fa-minus\"><\/i><\/span>\n\t\t\t<span class='e-closed'><i aria-hidden=\"true\" class=\"fas fa-plus\"><\/i><\/span>\n\t\t<\/span>\n\n\t\t\t\t\t\t<\/summary>\n\t\t\t\t<div role=\"region\" aria-labelledby=\"e-n-accordion-item-1651\" class=\"elementor-element elementor-element-44dbb8b e-con-full e-flex e-con e-child\" data-id=\"44dbb8b\" data-element_type=\"container\" data-e-type=\"container\">\n\t\t\t\t<div class=\"elementor-element elementor-element-11ea15d elementor-icon-list--layout-traditional elementor-list-item-link-full_width elementor-widget elementor-widget-icon-list\" data-id=\"11ea15d\" data-element_type=\"widget\" data-e-type=\"widget\" data-widget_type=\"icon-list.default\">\n\t\t\t\t<div class=\"elementor-widget-container\">\n\t\t\t\t\t\t\t<ul class=\"elementor-icon-list-items\">\n\t\t\t\t\t\t\t<li class=\"elementor-icon-list-item\">\n\t\t\t\t\t\t\t\t\t\t\t<a href=\"https:\/\/www.neuebauhaeusler.com\/wp-content\/uploads\/2024\/12\/Koethen_11122024_15.pdf\" target=\"_blank\">\n\n\t\t\t\t\t\t\t\t\t\t\t\t<span class=\"elementor-icon-list-icon\">\n\t\t\t\t\t\t\t<i aria-hidden=\"true\" class=\"fas fa-file-pdf\"><\/i>\t\t\t\t\t\t<\/span>\n\t\t\t\t\t\t\t\t\t\t<span class=\"elementor-icon-list-text\">Skepsis weicht Euphorie (MZ 11.12.2024, mit freundlicher Genehmigung der MZ)<\/span>\n\t\t\t\t\t\t\t\t\t\t\t<\/a>\n\t\t\t\t\t\t\t\t\t<\/li>\n\t\t\t\t\t\t\t\t<li class=\"elementor-icon-list-item\">\n\t\t\t\t\t\t\t\t\t\t\t<a href=\"https:\/\/www.neuebauhaeusler.com\/wp-content\/uploads\/2024\/12\/Koethen_06122024_13.pdf\" target=\"_blank\">\n\n\t\t\t\t\t\t\t\t\t\t\t\t<span class=\"elementor-icon-list-icon\">\n\t\t\t\t\t\t\t<i aria-hidden=\"true\" class=\"fas fa-file-pdf\"><\/i>\t\t\t\t\t\t<\/span>\n\t\t\t\t\t\t\t\t\t\t<span class=\"elementor-icon-list-text\">Auf der Suche nach weiteren Klugen Ideen (MZ, 06.12.2024, mit freundlicher Genehmigung der MZ)<\/span>\n\t\t\t\t\t\t\t\t\t\t\t<\/a>\n\t\t\t\t\t\t\t\t\t<\/li>\n\t\t\t\t\t\t\t\t<li class=\"elementor-icon-list-item\">\n\t\t\t\t\t\t\t\t\t\t\t<a href=\"https:\/\/www.neuebauhaeusler.com\/wp-content\/uploads\/2025\/02\/DAB_Ab-jetzt-neu-im-Revier_2.pdf\" target=\"_blank\">\n\n\t\t\t\t\t\t\t\t\t\t\t\t<span class=\"elementor-icon-list-icon\">\n\t\t\t\t\t\t\t<i aria-hidden=\"true\" class=\"fas fa-file-pdf\"><\/i>\t\t\t\t\t\t<\/span>\n\t\t\t\t\t\t\t\t\t\t<span class=\"elementor-icon-list-text\">Ab jetzt vor Ort im Revier (Deutsches Architektenblatt vom 01.11.2024)<\/span>\n\t\t\t\t\t\t\t\t\t\t\t<\/a>\n\t\t\t\t\t\t\t\t\t<\/li>\n\t\t\t\t\t\t\t\t<li class=\"elementor-icon-list-item\">\n\t\t\t\t\t\t\t\t\t\t\t<a href=\"https:\/\/www.ib-sachsen-anhalt.de\/die-investitionsbank-1-1\/detail\/foerdermittel-fuer-neues-europaeisches-bauhaus-koennen-beantragt-werden\" target=\"_blank\" rel=\"noopener noreferrer nofollow\">\n\n\t\t\t\t\t\t\t\t\t\t\t\t<span class=\"elementor-icon-list-icon\">\n\t\t\t\t\t\t\t<i aria-hidden=\"true\" class=\"far fa-bookmark\"><\/i>\t\t\t\t\t\t<\/span>\n\t\t\t\t\t\t\t\t\t\t<span class=\"elementor-icon-list-text\">F\u00f6rdermittel f\u00fcr Neues Europ\u00e4isches Bauhaus k\u00f6nnen beantragt werden (Investitionsbank Sachsen-Anhalt, 05.02.2024)<\/span>\n\t\t\t\t\t\t\t\t\t\t\t<\/a>\n\t\t\t\t\t\t\t\t\t<\/li>\n\t\t\t\t\t\t<\/ul>\n\t\t\t\t\t\t<\/div>\n\t\t\t\t<\/div>\n\t\t\t\t<\/div>\n\t\t\t\t\t<\/details>\n\t\t\t\t\t\t<details id=\"e-n-accordion-item-1652\" class=\"e-n-accordion-item\" >\n\t\t\t\t<summary class=\"e-n-accordion-item-title\" data-accordion-index=\"3\" tabindex=\"-1\" aria-expanded=\"false\" aria-controls=\"e-n-accordion-item-1652\" >\n\t\t\t\t\t<span class='e-n-accordion-item-title-header'><div class=\"e-n-accordion-item-title-text\"> Archiv Pressespiegel 2023 <\/div><\/span>\n\t\t\t\t\t\t\t<span class='e-n-accordion-item-title-icon'>\n\t\t\t<span class='e-opened' ><i aria-hidden=\"true\" class=\"fas fa-minus\"><\/i><\/span>\n\t\t\t<span class='e-closed'><i aria-hidden=\"true\" class=\"fas fa-plus\"><\/i><\/span>\n\t\t<\/span>\n\n\t\t\t\t\t\t<\/summary>\n\t\t\t\t<div role=\"region\" aria-labelledby=\"e-n-accordion-item-1652\" class=\"elementor-element elementor-element-99b4a8a e-con-full e-flex e-con e-child\" data-id=\"99b4a8a\" data-element_type=\"container\" data-e-type=\"container\">\n\t\t\t\t<div class=\"elementor-element elementor-element-4faafa2 elementor-icon-list--layout-traditional elementor-list-item-link-full_width elementor-widget elementor-widget-icon-list\" data-id=\"4faafa2\" data-element_type=\"widget\" data-e-type=\"widget\" data-widget_type=\"icon-list.default\">\n\t\t\t\t<div class=\"elementor-widget-container\">\n\t\t\t\t\t\t\t<ul class=\"elementor-icon-list-items\">\n\t\t\t\t\t\t\t<li class=\"elementor-icon-list-item\">\n\t\t\t\t\t\t\t\t\t\t\t<a href=\"https:\/\/www.neuebauhaeusler.com\/wp-content\/uploads\/2023\/12\/MZMER_05122023.pdf\" target=\"_blank\">\n\n\t\t\t\t\t\t\t\t\t\t\t\t<span class=\"elementor-icon-list-icon\">\n\t\t\t\t\t\t\t<i aria-hidden=\"true\" class=\"fas fa-file-pdf\"><\/i>\t\t\t\t\t\t<\/span>\n\t\t\t\t\t\t\t\t\t\t<span class=\"elementor-icon-list-text\">Ideen statt Abriss f\u00fcr die alte Mensa (Mitteldeutsche Zeitung vom 05. Dezember 2023, mit freundlicher Genehmigung der MZ)<\/span>\n\t\t\t\t\t\t\t\t\t\t\t<\/a>\n\t\t\t\t\t\t\t\t\t<\/li>\n\t\t\t\t\t\t\t\t<li class=\"elementor-icon-list-item\">\n\t\t\t\t\t\t\t\t\t\t\t<a href=\"https:\/\/www.neuebauhaeusler.com\/wp-content\/uploads\/2023\/11\/MitteldeutscheZeitung_02112023_ZEI-3.pdf\" target=\"_blank\">\n\n\t\t\t\t\t\t\t\t\t\t\t\t<span class=\"elementor-icon-list-icon\">\n\t\t\t\t\t\t\t<i aria-hidden=\"true\" class=\"fas fa-file-pdf\"><\/i>\t\t\t\t\t\t<\/span>\n\t\t\t\t\t\t\t\t\t\t<span class=\"elementor-icon-list-text\">Bewohner lieben alte Villa (Mitteldeutsche Zeitung vom 02. November 2023, mit freundlicher Genehmigung der MZ)<\/span>\n\t\t\t\t\t\t\t\t\t\t\t<\/a>\n\t\t\t\t\t\t\t\t\t<\/li>\n\t\t\t\t\t\t\t\t<li class=\"elementor-icon-list-item\">\n\t\t\t\t\t\t\t\t\t\t\t<a href=\"https:\/\/www.neuebauhaeusler.com\/wp-content\/uploads\/2023\/11\/MZ_Zeitz_27102023.pdf\" target=\"_blank\">\n\n\t\t\t\t\t\t\t\t\t\t\t\t<span class=\"elementor-icon-list-icon\">\n\t\t\t\t\t\t\t<i aria-hidden=\"true\" class=\"fas fa-file-pdf\"><\/i>\t\t\t\t\t\t<\/span>\n\t\t\t\t\t\t\t\t\t\t<span class=\"elementor-icon-list-text\">Neue Chance f\u00fcr Droy\u00dfig (Mitteldeutsche Zeitung vom 27. Oktober 2023, mit freundlicher Genehmigung der MZ)<\/span>\n\t\t\t\t\t\t\t\t\t\t\t<\/a>\n\t\t\t\t\t\t\t\t\t<\/li>\n\t\t\t\t\t\t\t\t<li class=\"elementor-icon-list-item\">\n\t\t\t\t\t\t\t\t\t\t\t<a href=\"https:\/\/www.neuebauhaeusler.com\/wp-content\/uploads\/2023\/10\/Beitrag-NEB-aus-DAB-10-2023.pdf\" target=\"_blank\">\n\n\t\t\t\t\t\t\t\t\t\t\t\t<span class=\"elementor-icon-list-icon\">\n\t\t\t\t\t\t\t<i aria-hidden=\"true\" class=\"fas fa-file-pdf\"><\/i>\t\t\t\t\t\t<\/span>\n\t\t\t\t\t\t\t\t\t\t<span class=\"elementor-icon-list-text\">NEB Sachsen-Anhalt (Deutsches Architektenblatt  vom 01. Oktober 2023)<\/span>\n\t\t\t\t\t\t\t\t\t\t\t<\/a>\n\t\t\t\t\t\t\t\t\t<\/li>\n\t\t\t\t\t\t\t\t<li class=\"elementor-icon-list-item\">\n\t\t\t\t\t\t\t\t\t\t\t<a href=\"https:\/\/www.neuebauhaeusler.com\/wp-content\/uploads\/2023\/09\/4805669_1.20230823-18.02.53.pdf\" target=\"_blank\">\n\n\t\t\t\t\t\t\t\t\t\t\t\t<span class=\"elementor-icon-list-icon\">\n\t\t\t\t\t\t\t<i aria-hidden=\"true\" class=\"fas fa-file-pdf\"><\/i>\t\t\t\t\t\t<\/span>\n\t\t\t\t\t\t\t\t\t\t<span class=\"elementor-icon-list-text\">Bau auf, Bau auf! (Mitteldeutsche Zeitung vom 24. August 2023, mit freundlicher Genehmigung der MZ)<\/span>\n\t\t\t\t\t\t\t\t\t\t\t<\/a>\n\t\t\t\t\t\t\t\t\t<\/li>\n\t\t\t\t\t\t<\/ul>\n\t\t\t\t\t\t<\/div>\n\t\t\t\t<\/div>\n\t\t\t\t<\/div>\n\t\t\t\t\t<\/details>\n\t\t\t\t\t<\/div>\n\t\t\t\t\t\t<\/div>\n\t\t\t\t<\/div>\n\t\t\t\t<div class=\"elementor-element elementor-element-9fd5a29 elementor-widget elementor-widget-spacer\" data-id=\"9fd5a29\" data-element_type=\"widget\" data-e-type=\"widget\" data-widget_type=\"spacer.default\">\n\t\t\t\t<div class=\"elementor-widget-container\">\n\t\t\t\t\t\t\t<div class=\"elementor-spacer\">\n\t\t\t<div class=\"elementor-spacer-inner\"><\/div>\n\t\t<\/div>\n\t\t\t\t\t\t<\/div>\n\t\t\t\t<\/div>\n\t\t\t\t\t<\/div>\n\t\t<\/div>\n\t\t\t\t\t<\/div>\n\t\t<\/section>\n\t\t\t\t<\/div>","protected":false},"excerpt":{"rendered":"<p>Pressemitteilungen Presseeinladung: NEB_ONTOUR: Europ\u00e4ische NEB-Community beim Schwemme e. V. am 18. Juni 2025 Die europ\u00e4ische NEB Peer2Peer Community der DG Regio (P2P) besucht am 18. Juni 2025 #NeueBauh\u00e4usler in Halle (Saale) Gerade erst Anfang Mai 2025 hat der Schwemme e. V. in Halle (Saale) seinen F\u00f6rderbescheid\u00a0aus dem Just Transition Fund der EU fu\u0308r das NEB_PROJEKT [&hellip;]<\/p>\n","protected":false},"author":1,"featured_media":5892,"parent":0,"menu_order":5,"comment_status":"closed","ping_status":"closed","template":"","meta":{"_acf_changed":false,"wp_mapbox_gl_js_media":[],"footnotes":""},"class_list":["post-931","page","type-page","status-publish","has-post-thumbnail","hentry"],"acf":[],"_links":{"self":[{"href":"https:\/\/www.neuebauhaeusler.com\/en\/wp-json\/wp\/v2\/pages\/931","targetHints":{"allow":["GET"]}}],"collection":[{"href":"https:\/\/www.neuebauhaeusler.com\/en\/wp-json\/wp\/v2\/pages"}],"about":[{"href":"https:\/\/www.neuebauhaeusler.com\/en\/wp-json\/wp\/v2\/types\/page"}],"author":[{"embeddable":true,"href":"https:\/\/www.neuebauhaeusler.com\/en\/wp-json\/wp\/v2\/users\/1"}],"replies":[{"embeddable":true,"href":"https:\/\/www.neuebauhaeusler.com\/en\/wp-json\/wp\/v2\/comments?post=931"}],"version-history":[{"count":14,"href":"https:\/\/www.neuebauhaeusler.com\/en\/wp-json\/wp\/v2\/pages\/931\/revisions"}],"predecessor-version":[{"id":7684,"href":"https:\/\/www.neuebauhaeusler.com\/en\/wp-json\/wp\/v2\/pages\/931\/revisions\/7684"}],"wp:featuredmedia":[{"embeddable":true,"href":"https:\/\/www.neuebauhaeusler.com\/en\/wp-json\/wp\/v2\/media\/5892"}],"wp:attachment":[{"href":"https:\/\/www.neuebauhaeusler.com\/en\/wp-json\/wp\/v2\/media?parent=931"}],"curies":[{"name":"wp","href":"https:\/\/api.w.org\/{rel}","templated":true}]}}